{"id":41670,"date":"2024-06-17T14:31:54","date_gmt":"2024-06-17T12:31:54","guid":{"rendered":"https:\/\/cmm.imgw.pl\/?page_id=41670"},"modified":"2024-06-17T14:31:55","modified_gmt":"2024-06-17T12:31:55","slug":"akademiacmm-jak-czuje-sie-nasze-cialo-w-czasie-upalu","status":"publish","type":"page","link":"https:\/\/cmm.imgw.pl\/?page_id=41670","title":{"rendered":"#AkademiaCMM &#8211; Jak czuje si\u0119 nasze cia\u0142o w czasie upa\u0142u?"},"content":{"rendered":"<div class=\"wp-block-post-date\"><time datetime=\"2024-06-17T14:31:54+02:00\">17 czerwca 2024<\/time><\/div>\n\n<p style=\"text-align: left;\"><span style=\"font-size: 12pt;\"><strong>Jak czuje si\u0119 nasze cia\u0142o w czasie upa\u0142u?<\/strong><\/span><\/p>\n<p style=\"text-align: left;\"><span style=\"font-size: 12pt;\"><em>Opracowanie: <\/em><em>dr Joanna Wieczorek<\/em><em>, IMGW-PIB CMM.<\/em><strong>\u00a0<\/strong><\/span><\/p>\n<p style=\"text-align: left;\"><span style=\"font-size: 12pt;\"><em><span style=\"color: #ff9900;\">Co dzieje si\u0119 z organizmem kiedy ulega termicznemu obci\u0105\u017ceniu, czy faktycznie musi wyst\u0105pi\u0107 upa\u0142 (\u226530\u00b0C) by nasze cia\u0142o poczu\u0142o si\u0119 jak w upale?<\/span> <\/em><\/span><\/p>\n<p style=\"text-align: left;\"><span style=\"color: #ff9900; font-size: 12pt;\"><em>Co mo\u017cemy zrobi\u0107, by nieco poprawi\u0107 nasz komfort i samopoczucie w czasie gor\u0105cych dni i nocy?<\/em><\/span><\/p>\n<p style=\"text-align: left;\"><span style=\"font-size: 12pt;\">Odpowiedzi na te pytania, fizjologiczny opis proces\u00f3w termoregulacji oraz solidna dawka rekomendacji w nagraniu w kt\u00f3rym wyst\u0105pi\u0142a ekspertka biometeorolog z Centrum Modelowanie Meteorologicznego.<\/span><\/p>\n\n\n<!DOCTYPE html>\n<html lang=\"en\">\n<head>\n    <meta charset=\"UTF-8\">\n    <meta name=\"viewport\" content=\"width=device-width, initial-scale=1.0\">\n    <title>Deactivate Video Player<\/title>\n    <style>\n        .disabled {\n            display: none;\n        }\n    <\/style>\n<\/head>\n<body>\n<CENTER>\n    <div id=\"video-container\">\n        <video id=\"video-player\" width=\"640\" height=\"480\" controls>\n            <source src=\"\/cmm\/wp-content\/uploads\/2024\/06\/MW_Cialo_w_czasie_upalu.mp4\" type=\"video\/mp4\">\n            Przegl\u0105darka nie obs\u0142uguje pliku (IMGW-PIB CMM(C)). Prosz\u0119 spr\u00f3bowa\u0107 na innej.\n        <\/video>\n        <p id=\"expired-message\" class=\"disabled\">To nagranie nie jest ju\u017c dost\u0119pne z powodu ogranicze\u0144 licencyjnych.<\/p>\n    <\/div>\n    <\/CENTER>\n    <script src=\"\/cmm\/wp-content\/uploads\/scripts\/deactivateVideo.js\"><\/script>\n<\/body>\n<\/html>\n\n\n<p style=\"text-align: justify;\"><span style=\"font-size: 12pt;\"><em>Nagranie autorstwa Doroty Migas-Mazur powsta\u0142o na potrzeby wystawy Zimno ju\u017c by\u0142o zorganizowanej przez Muzeum Warszawy. Wystawa w wielowymiarowy i przyst\u0119pny dla zr\u00f3\u017cnicowanych grup odbiorc\u00f3w spos\u00f3b prezentowa\u0142a zagadnienie, jakim jest \u017cycie w mie\u015bcie dotkni\u0119tym upa\u0142em. <\/em><\/span><\/p>\n<p><span style=\"font-size: 12pt;\"><em>Strona wystawy: <\/em><a href=\"https:\/\/muzeumwoli.muzeumwarszawy.pl\/wystawa\/warszawa-w-budowie-zimno-juz-bylo\/\"><em>https:\/\/muzeumwoli.muzeumwarszawy.pl\/wystawa\/warszawa-w-budowie-zimno-juz-bylo\/<\/em><\/a><\/span><\/p>\n<p style=\"text-align: center;\"><span style=\"font-size: 12pt;\">&#8212; UDOST\u0118PNIJ &#8212;<\/span><\/p>","protected":false},"excerpt":{"rendered":"<p>Jak czuje si\u0119 nasze cia\u0142o w czasie upa\u0142u?Opracowanie: dr Joanna Wieczorek, IMGW-PIB CMM.\u00a0Co dzieje si\u0119 z organizmem kiedy ulega termicznemu obci\u0105\u017ceniu, czy faktycznie musi wyst\u0105pi\u0107 upa\u0142 (\u226530\u00b0C) by nasze cia\u0142o poczu\u0142o si\u0119 jak w upale?Co mo\u017cemy zrobi\u0107, by nieco poprawi\u0107 nasz komfort i samopoczucie w czasie gor\u0105cych dni i nocy?<\/p>\n","protected":false},"author":3,"featured_media":41677,"parent":0,"menu_order":0,"comment_status":"closed","ping_status":"closed","template":"templates\/landing.php","meta":{"ocean_post_layout":"","ocean_both_sidebars_style":"","ocean_both_sidebars_content_width":0,"ocean_both_sidebars_sidebars_width":0,"ocean_sidebar":"0","ocean_second_sidebar":"0","ocean_disable_margins":"enable","ocean_add_body_class":"","ocean_shortcode_before_top_bar":"","ocean_shortcode_after_top_bar":"","ocean_shortcode_before_header":"","ocean_shortcode_after_header":"","ocean_has_shortcode":"","ocean_shortcode_after_title":"","ocean_shortcode_before_footer_widgets":"","ocean_shortcode_after_footer_widgets":"","ocean_shortcode_before_footer_bottom":"","ocean_shortcode_after_footer_bottom":"","ocean_display_top_bar":"off","ocean_display_header":"off","ocean_header_style":"custom","ocean_center_header_left_menu":"0","ocean_custom_header_template":"2993","ocean_custom_logo":0,"ocean_custom_retina_logo":0,"ocean_custom_logo_max_width":0,"ocean_custom_logo_tablet_max_width":0,"ocean_custom_logo_mobile_max_width":0,"ocean_custom_logo_max_height":0,"ocean_custom_logo_tablet_max_height":0,"ocean_custom_logo_mobile_max_height":0,"ocean_header_custom_menu":"0","ocean_menu_typo_font_family":"0","ocean_menu_typo_font_subset":"","ocean_menu_typo_font_size":0,"ocean_menu_typo_font_size_tablet":0,"ocean_menu_typo_font_size_mobile":0,"ocean_menu_typo_font_size_unit":"px","ocean_menu_typo_font_weight":"","ocean_menu_typo_font_weight_tablet":"","ocean_menu_typo_font_weight_mobile":"","ocean_menu_typo_transform":"","ocean_menu_typo_transform_tablet":"","ocean_menu_typo_transform_mobile":"","ocean_menu_typo_line_height":0,"ocean_menu_typo_line_height_tablet":0,"ocean_menu_typo_line_height_mobile":0,"ocean_menu_typo_line_height_unit":"","ocean_menu_typo_spacing":0,"ocean_menu_typo_spacing_tablet":0,"ocean_menu_typo_spacing_mobile":0,"ocean_menu_typo_spacing_unit":"","ocean_menu_link_color":"","ocean_menu_link_color_hover":"","ocean_menu_link_color_active":"","ocean_menu_link_background":"","ocean_menu_link_hover_background":"","ocean_menu_link_active_background":"","ocean_menu_social_links_bg":"","ocean_menu_social_hover_links_bg":"","ocean_menu_social_links_color":"","ocean_menu_social_hover_links_color":"","ocean_disable_title":"default","ocean_disable_heading":"default","ocean_post_title":"","ocean_post_subheading":"","ocean_post_title_style":"","ocean_post_title_background_color":"","ocean_post_title_background":0,"ocean_post_title_bg_image_position":"","ocean_post_title_bg_image_attachment":"","ocean_post_title_bg_image_repeat":"","ocean_post_title_bg_image_size":"","ocean_post_title_height":0,"ocean_post_title_bg_overlay":0.5,"ocean_post_title_bg_overlay_color":"","ocean_disable_breadcrumbs":"default","ocean_breadcrumbs_color":"","ocean_breadcrumbs_separator_color":"","ocean_breadcrumbs_links_color":"","ocean_breadcrumbs_links_hover_color":"","ocean_display_footer_widgets":"off","ocean_display_footer_bottom":"off","ocean_custom_footer_template":"0"},"yoast_head":"<!-- This site is optimized with the Yoast SEO plugin v19.5.1 - https:\/\/yoast.com\/wordpress\/plugins\/seo\/ -->\n<title>#AkademiaCMM - Jak czuje si\u0119 nasze cia\u0142o w czasie upa\u0142u? - Laboratorium Modelowania Meteorologicznego CMOK IMGW-PIB<\/title>\n<meta name=\"description\" content=\"Jak czuje si\u0119 nasze cia\u0142o w czasie upa\u0142u?Opracowanie: dr Joanna Wieczorek, IMGW-PIB CMM.\u00a0Co dzieje si\u0119 z organizmem kiedy ulega termicznemu obci\u0105\u017ceniu, czy faktycznie musi wyst\u0105pi\u0107 upa\u0142 (\u226530\u00b0C) by nasze cia\u0142o poczu\u0142o si\u0119 jak w upale?Co mo\u017cemy zrobi\u0107, by nieco poprawi\u0107 nasz komfort i samopoczucie w czasie gor\u0105cych dni i nocy?\" \/>\n<meta name=\"robots\" content=\"index, follow, max-snippet:-1, max-image-preview:large, max-video-preview:-1\" \/>\n<link rel=\"canonical\" href=\"https:\/\/cmm.imgw.pl\/?page_id=41670\" \/>\n<meta property=\"og:locale\" content=\"pl_PL\" \/>\n<meta property=\"og:type\" content=\"article\" \/>\n<meta property=\"og:title\" content=\"#AkademiaCMM - Jak czuje si\u0119 nasze cia\u0142o w czasie upa\u0142u?\" \/>\n<meta property=\"og:description\" content=\"Jak czuje si\u0119 nasze cia\u0142o w czasie upa\u0142u?Opracowanie: dr Joanna Wieczorek, IMGW-PIB CMM.\u00a0Co dzieje si\u0119 z organizmem kiedy ulega termicznemu obci\u0105\u017ceniu, czy faktycznie musi wyst\u0105pi\u0107 upa\u0142 (\u226530\u00b0C) by nasze cia\u0142o poczu\u0142o si\u0119 jak w upale?Co mo\u017cemy zrobi\u0107, by nieco poprawi\u0107 nasz komfort i samopoczucie w czasie gor\u0105cych dni i nocy?\" \/>\n<meta property=\"og:url\" content=\"https:\/\/cmm.imgw.pl\/?page_id=41670\" \/>\n<meta property=\"og:site_name\" content=\"Laboratorium Modelowania Meteorologicznego CMOK IMGW-PIB\" \/>\n<meta property=\"article:publisher\" content=\"https:\/\/www.facebook.com\/Meteoimgw\/\" \/>\n<meta property=\"article:modified_time\" content=\"2024-06-17T12:31:55+00:00\" \/>\n<meta property=\"og:image\" content=\"http:\/\/cmm.imgw.pl\/wp-content\/uploads\/2024\/06\/Obraz1-1.png\" \/>\n\t<meta property=\"og:image:width\" content=\"605\" \/>\n\t<meta property=\"og:image:height\" content=\"359\" \/>\n\t<meta property=\"og:image:type\" content=\"image\/png\" \/>\n<meta name=\"twitter:card\" content=\"summary_large_image\" \/>\n<meta name=\"twitter:title\" content=\"#AkademiaCMM - Jak czuje si\u0119 nasze cia\u0142o w czasie upa\u0142u?\" \/>\n<meta name=\"twitter:description\" content=\"Jak czuje si\u0119 nasze cia\u0142o w czasie upa\u0142u?Opracowanie: dr Joanna Wieczorek, IMGW-PIB CMM.\u00a0Co dzieje si\u0119 z organizmem kiedy ulega termicznemu obci\u0105\u017ceniu, czy faktycznie musi wyst\u0105pi\u0107 upa\u0142 (\u226530\u00b0C) by nasze cia\u0142o poczu\u0142o si\u0119 jak w upale?Co mo\u017cemy zrobi\u0107, by nieco poprawi\u0107 nasz komfort i samopoczucie w czasie gor\u0105cych dni i nocy?\" \/>\n<meta name=\"twitter:image\" content=\"https:\/\/cmm.imgw.pl\/wp-content\/uploads\/2024\/06\/Obraz1-1.png\" \/>\n<meta name=\"twitter:site\" content=\"@IMGW_CMM\" \/>\n<meta name=\"twitter:label1\" content=\"Szacowany czas czytania\" \/>\n\t<meta name=\"twitter:data1\" content=\"14 minut\" \/>\n<script type=\"application\/ld+json\" class=\"yoast-schema-graph\">{\"@context\":\"https:\/\/schema.org\",\"@graph\":[{\"@type\":\"WebPage\",\"@id\":\"https:\/\/cmm.imgw.pl\/?page_id=41670\",\"url\":\"https:\/\/cmm.imgw.pl\/?page_id=41670\",\"name\":\"#AkademiaCMM - Jak czuje si\u0119 nasze cia\u0142o w czasie upa\u0142u? - Laboratorium Modelowania Meteorologicznego CMOK IMGW-PIB\",\"isPartOf\":{\"@id\":\"https:\/\/cmm.imgw.pl\/#website\"},\"datePublished\":\"2024-06-17T12:31:54+00:00\",\"dateModified\":\"2024-06-17T12:31:55+00:00\",\"description\":\"Jak czuje si\u0119 nasze cia\u0142o w czasie upa\u0142u?Opracowanie: dr Joanna Wieczorek, IMGW-PIB CMM.\u00a0Co dzieje si\u0119 z organizmem kiedy ulega termicznemu obci\u0105\u017ceniu, czy faktycznie musi wyst\u0105pi\u0107 upa\u0142 (\u226530\u00b0C) by nasze cia\u0142o poczu\u0142o si\u0119 jak w upale?Co mo\u017cemy zrobi\u0107, by nieco poprawi\u0107 nasz komfort i samopoczucie w czasie gor\u0105cych dni i nocy?\",\"breadcrumb\":{\"@id\":\"https:\/\/cmm.imgw.pl\/?page_id=41670#breadcrumb\"},\"inLanguage\":\"pl-PL\",\"potentialAction\":[{\"@type\":\"ReadAction\",\"target\":[\"https:\/\/cmm.imgw.pl\/?page_id=41670\"]}]},{\"@type\":\"BreadcrumbList\",\"@id\":\"https:\/\/cmm.imgw.pl\/?page_id=41670#breadcrumb\",\"itemListElement\":[{\"@type\":\"ListItem\",\"position\":1,\"name\":\"Home\",\"item\":\"https:\/\/cmm.imgw.pl\/\"},{\"@type\":\"ListItem\",\"position\":2,\"name\":\"#AkademiaCMM &#8211; Jak czuje si\u0119 nasze cia\u0142o w czasie upa\u0142u?\"}]},{\"@type\":\"WebSite\",\"@id\":\"https:\/\/cmm.imgw.pl\/#website\",\"url\":\"https:\/\/cmm.imgw.pl\/\",\"name\":\"Laboratorium Modelowania Meteorologicznego CMOK IMGW-PIB\",\"description\":\"CMOK-LMM Laboratorium pe\u0142ni pa\u0144stwow\u0105 s\u0142u\u017cb\u0119 hydrologiczno-meteorologiczn\u0105 w zakresie numerycznych prognoz pogody, kt\u00f3rego zadaniem jest konsolidacja kompetencji w obszarze modelowania zjawisk pogodowych oraz dalszego rozwoju numerycznych modeli pogody (NMP).\",\"publisher\":{\"@id\":\"https:\/\/cmm.imgw.pl\/#organization\"},\"potentialAction\":[{\"@type\":\"SearchAction\",\"target\":{\"@type\":\"EntryPoint\",\"urlTemplate\":\"https:\/\/cmm.imgw.pl\/?s={search_term_string}\"},\"query-input\":\"required name=search_term_string\"}],\"inLanguage\":\"pl-PL\"},{\"@type\":\"Organization\",\"@id\":\"https:\/\/cmm.imgw.pl\/#organization\",\"name\":\"Laboratorium Modelowania Meteorologicznego CMOK IMGW-PIB\",\"url\":\"https:\/\/cmm.imgw.pl\/\",\"sameAs\":[\"https:\/\/www.facebook.com\/Meteoimgw\/\",\"https:\/\/twitter.com\/IMGW_CMM\"],\"logo\":{\"@type\":\"ImageObject\",\"inLanguage\":\"pl-PL\",\"@id\":\"https:\/\/cmm.imgw.pl\/#\/schema\/logo\/image\/\",\"url\":\"https:\/\/cmm.imgw.pl\/wp-content\/uploads\/2025\/10\/MODELE_LOGO_UNIFIKACJA_v2.png\",\"contentUrl\":\"https:\/\/cmm.imgw.pl\/wp-content\/uploads\/2025\/10\/MODELE_LOGO_UNIFIKACJA_v2.png\",\"width\":1356,\"height\":365,\"caption\":\"Laboratorium Modelowania Meteorologicznego CMOK IMGW-PIB\"},\"image\":{\"@id\":\"https:\/\/cmm.imgw.pl\/#\/schema\/logo\/image\/\"}}]}<\/script>\n<!-- \/ Yoast SEO plugin. -->","yoast_head_json":{"title":"#AkademiaCMM - Jak czuje si\u0119 nasze cia\u0142o w czasie upa\u0142u? - Laboratorium Modelowania Meteorologicznego CMOK IMGW-PIB","description":"Jak czuje si\u0119 nasze cia\u0142o w czasie upa\u0142u?Opracowanie: dr Joanna Wieczorek, IMGW-PIB CMM.\u00a0Co dzieje si\u0119 z organizmem kiedy ulega termicznemu obci\u0105\u017ceniu, czy faktycznie musi wyst\u0105pi\u0107 upa\u0142 (\u226530\u00b0C) by nasze cia\u0142o poczu\u0142o si\u0119 jak w upale?Co mo\u017cemy zrobi\u0107, by nieco poprawi\u0107 nasz komfort i samopoczucie w czasie gor\u0105cych dni i nocy?","robots":{"index":"index","follow":"follow","max-snippet":"max-snippet:-1","max-image-preview":"max-image-preview:large","max-video-preview":"max-video-preview:-1"},"canonical":"https:\/\/cmm.imgw.pl\/?page_id=41670","og_locale":"pl_PL","og_type":"article","og_title":"#AkademiaCMM - Jak czuje si\u0119 nasze cia\u0142o w czasie upa\u0142u?","og_description":"Jak czuje si\u0119 nasze cia\u0142o w czasie upa\u0142u?Opracowanie: dr Joanna Wieczorek, IMGW-PIB CMM.\u00a0Co dzieje si\u0119 z organizmem kiedy ulega termicznemu obci\u0105\u017ceniu, czy faktycznie musi wyst\u0105pi\u0107 upa\u0142 (\u226530\u00b0C) by nasze cia\u0142o poczu\u0142o si\u0119 jak w upale?Co mo\u017cemy zrobi\u0107, by nieco poprawi\u0107 nasz komfort i samopoczucie w czasie gor\u0105cych dni i nocy?","og_url":"https:\/\/cmm.imgw.pl\/?page_id=41670","og_site_name":"Laboratorium Modelowania Meteorologicznego CMOK IMGW-PIB","article_publisher":"https:\/\/www.facebook.com\/Meteoimgw\/","article_modified_time":"2024-06-17T12:31:55+00:00","og_image":[{"width":605,"height":359,"url":"http:\/\/cmm.imgw.pl\/wp-content\/uploads\/2024\/06\/Obraz1-1.png","type":"image\/png"}],"twitter_card":"summary_large_image","twitter_title":"#AkademiaCMM - Jak czuje si\u0119 nasze cia\u0142o w czasie upa\u0142u?","twitter_description":"Jak czuje si\u0119 nasze cia\u0142o w czasie upa\u0142u?Opracowanie: dr Joanna Wieczorek, IMGW-PIB CMM.\u00a0Co dzieje si\u0119 z organizmem kiedy ulega termicznemu obci\u0105\u017ceniu, czy faktycznie musi wyst\u0105pi\u0107 upa\u0142 (\u226530\u00b0C) by nasze cia\u0142o poczu\u0142o si\u0119 jak w upale?Co mo\u017cemy zrobi\u0107, by nieco poprawi\u0107 nasz komfort i samopoczucie w czasie gor\u0105cych dni i nocy?","twitter_image":"https:\/\/cmm.imgw.pl\/wp-content\/uploads\/2024\/06\/Obraz1-1.png","twitter_site":"@IMGW_CMM","twitter_misc":{"Szacowany czas czytania":"14 minut"},"schema":{"@context":"https:\/\/schema.org","@graph":[{"@type":"WebPage","@id":"https:\/\/cmm.imgw.pl\/?page_id=41670","url":"https:\/\/cmm.imgw.pl\/?page_id=41670","name":"#AkademiaCMM - Jak czuje si\u0119 nasze cia\u0142o w czasie upa\u0142u? - Laboratorium Modelowania Meteorologicznego CMOK IMGW-PIB","isPartOf":{"@id":"https:\/\/cmm.imgw.pl\/#website"},"datePublished":"2024-06-17T12:31:54+00:00","dateModified":"2024-06-17T12:31:55+00:00","description":"Jak czuje si\u0119 nasze cia\u0142o w czasie upa\u0142u?Opracowanie: dr Joanna Wieczorek, IMGW-PIB CMM.\u00a0Co dzieje si\u0119 z organizmem kiedy ulega termicznemu obci\u0105\u017ceniu, czy faktycznie musi wyst\u0105pi\u0107 upa\u0142 (\u226530\u00b0C) by nasze cia\u0142o poczu\u0142o si\u0119 jak w upale?Co mo\u017cemy zrobi\u0107, by nieco poprawi\u0107 nasz komfort i samopoczucie w czasie gor\u0105cych dni i nocy?","breadcrumb":{"@id":"https:\/\/cmm.imgw.pl\/?page_id=41670#breadcrumb"},"inLanguage":"pl-PL","potentialAction":[{"@type":"ReadAction","target":["https:\/\/cmm.imgw.pl\/?page_id=41670"]}]},{"@type":"BreadcrumbList","@id":"https:\/\/cmm.imgw.pl\/?page_id=41670#breadcrumb","itemListElement":[{"@type":"ListItem","position":1,"name":"Home","item":"https:\/\/cmm.imgw.pl\/"},{"@type":"ListItem","position":2,"name":"#AkademiaCMM &#8211; Jak czuje si\u0119 nasze cia\u0142o w czasie upa\u0142u?"}]},{"@type":"WebSite","@id":"https:\/\/cmm.imgw.pl\/#website","url":"https:\/\/cmm.imgw.pl\/","name":"Laboratorium Modelowania Meteorologicznego CMOK IMGW-PIB","description":"CMOK-LMM Laboratorium pe\u0142ni pa\u0144stwow\u0105 s\u0142u\u017cb\u0119 hydrologiczno-meteorologiczn\u0105 w zakresie numerycznych prognoz pogody, kt\u00f3rego zadaniem jest konsolidacja kompetencji w obszarze modelowania zjawisk pogodowych oraz dalszego rozwoju numerycznych modeli pogody (NMP).","publisher":{"@id":"https:\/\/cmm.imgw.pl\/#organization"},"potentialAction":[{"@type":"SearchAction","target":{"@type":"EntryPoint","urlTemplate":"https:\/\/cmm.imgw.pl\/?s={search_term_string}"},"query-input":"required name=search_term_string"}],"inLanguage":"pl-PL"},{"@type":"Organization","@id":"https:\/\/cmm.imgw.pl\/#organization","name":"Laboratorium Modelowania Meteorologicznego CMOK IMGW-PIB","url":"https:\/\/cmm.imgw.pl\/","sameAs":["https:\/\/www.facebook.com\/Meteoimgw\/","https:\/\/twitter.com\/IMGW_CMM"],"logo":{"@type":"ImageObject","inLanguage":"pl-PL","@id":"https:\/\/cmm.imgw.pl\/#\/schema\/logo\/image\/","url":"https:\/\/cmm.imgw.pl\/wp-content\/uploads\/2025\/10\/MODELE_LOGO_UNIFIKACJA_v2.png","contentUrl":"https:\/\/cmm.imgw.pl\/wp-content\/uploads\/2025\/10\/MODELE_LOGO_UNIFIKACJA_v2.png","width":1356,"height":365,"caption":"Laboratorium Modelowania Meteorologicznego CMOK IMGW-PIB"},"image":{"@id":"https:\/\/cmm.imgw.pl\/#\/schema\/logo\/image\/"}}]}},"_links":{"self":[{"href":"https:\/\/cmm.imgw.pl\/index.php?rest_route=\/wp\/v2\/pages\/41670"}],"collection":[{"href":"https:\/\/cmm.imgw.pl\/index.php?rest_route=\/wp\/v2\/pages"}],"about":[{"href":"https:\/\/cmm.imgw.pl\/index.php?rest_route=\/wp\/v2\/types\/page"}],"author":[{"embeddable":true,"href":"https:\/\/cmm.imgw.pl\/index.php?rest_route=\/wp\/v2\/users\/3"}],"replies":[{"embeddable":true,"href":"https:\/\/cmm.imgw.pl\/index.php?rest_route=%2Fwp%2Fv2%2Fcomments&post=41670"}],"version-history":[{"count":5,"href":"https:\/\/cmm.imgw.pl\/index.php?rest_route=\/wp\/v2\/pages\/41670\/revisions"}],"predecessor-version":[{"id":41678,"href":"https:\/\/cmm.imgw.pl\/index.php?rest_route=\/wp\/v2\/pages\/41670\/revisions\/41678"}],"wp:featuredmedia":[{"embeddable":true,"href":"https:\/\/cmm.imgw.pl\/index.php?rest_route=\/wp\/v2\/media\/41677"}],"wp:attachment":[{"href":"https:\/\/cmm.imgw.pl\/index.php?rest_route=%2Fwp%2Fv2%2Fmedia&parent=41670"}],"curies":[{"name":"wp","href":"https:\/\/api.w.org\/{rel}","templated":true}]}}