{"id":41589,"date":"2024-06-07T13:45:43","date_gmt":"2024-06-07T11:45:43","guid":{"rendered":"https:\/\/cmm.imgw.pl\/?page_id=41589"},"modified":"2024-06-07T14:58:19","modified_gmt":"2024-06-07T12:58:19","slug":"modelowanie-pozarowe-seminarium-2024","status":"publish","type":"page","link":"https:\/\/cmm.imgw.pl\/?page_id=41589","title":{"rendered":"Modelowanie po\u017carowe &#8211; Seminarium 2024"},"content":{"rendered":"\t\t<div data-elementor-type=\"wp-page\" data-elementor-id=\"41589\" class=\"elementor elementor-41589\">\n\t\t\t\t\t\t\t\t\t<section class=\"elementor-section elementor-top-section elementor-element elementor-element-067d59f elementor-section-boxed elementor-section-height-default elementor-section-height-default\" data-id=\"067d59f\" data-element_type=\"section\">\n\t\t\t\t\t\t<div class=\"elementor-container elementor-column-gap-default\">\n\t\t\t\t\t<div class=\"elementor-column elementor-col-100 elementor-top-column elementor-element elementor-element-6bd0486\" data-id=\"6bd0486\" data-element_type=\"column\">\n\t\t\t<div class=\"elementor-widget-wrap elementor-element-populated\">\n\t\t\t\t\t\t\t\t<div class=\"elementor-element elementor-element-89aced7 elementor-widget elementor-widget-sidebar\" data-id=\"89aced7\" data-element_type=\"widget\" data-widget_type=\"sidebar.default\">\n\t\t\t\t<div class=\"elementor-widget-container\">\n\t\t\t<div class=\"widget widget_block\"><div class=\"widget-content\"><p><style>\nbody {font-family: Arial, Helvetica, sans-serif}\n* {box-sizing: border-box;}\n\n.bg-img {\n  \/* The image used *\/\n  background-image: url(\"\/cmm\/wp-content\/uploads\/KonferencjaPozarowa\/tlo.png\");\n  min-height: 400px;\n\n  \/* Center and scale the image nicely *\/\n  background-position: center;\n  background-repeat: no-repeat;\n  background-size: cover;\n  \n  \/* Needed to position the navbar *\/\n  position: relative;\n}\n\n\/* Position the navbar container inside the image *\/\n.container {\n  position: absolute;\ntop: 200px; left: 5%;\n  margin: 20px;\n  width: 100%;\n    display: flex;\n    align-items: bottom;\n\n}\n\n\/* The navbar *\/\n.topnav {\n  overflow: hidden;\n  background-color: #333;\n}\n\n\/* Navbar links *\/\n.topnav a {\n  float: left;\n  color: #f2f2f2;\n  text-align: center;\n  padding: 14px 16px;\n  text-decoration: none;\n  font-size: 17px;\n\n}\n\n.topnav a:hover {\n  background-color: #ddd;\n  color: black;\n}\n\n\n\/* The navigation menu *\/\n.navbar {\n  overflow: hidden;\n  background-color: #333;\n}\n\n\/* Navigation links *\/\n.navbar a {\n  float: left;\n  font-size: 16px;\n  color: white;\n  text-align: center;\n  padding: 14px 16px;\n  text-decoration: none;\n}\n\n\/* The subnavigation menu *\/\n.subnav {\n  float: left;\n  overflow: hidden;\n}\n\n\/* Subnav button *\/\n.subnav .subnavbtn {\n  font-size: 16px;\n  border: none;\n  outline: none;\n  color: white;\n  padding: 14px 16px;\n  background-color: inherit;\n  font-family: inherit;\n  margin: 0;\n}\n\/* Subnav button *\/\n.subnav .subnavbtn {\n  font-size: 16px;\n  border: none;\n  outline: none;\n  color: white;\n  padding: 14px 16px;\n  background-color: inherit;\n  font-family: inherit;\n  margin: 0;\n}\n\/* Add a grey background color on hover *\/\n.subnav-content a:hover {\n  background-color: #eee;\n  color: black;\n}\n\n\/* Style the subnav content - positioned absolute *\/\n.subnav-content {\n  display: none;\n  position: absolute;\n\n  background-color: grey;\n  width: 40%;\n  z-index: 1;\n}\n\n\/* Style the subnav links *\/\n.subnav-content a {\n  float: none;\n  text-decoration: none;\n  display: block;\n  text-align: left;\n  color: white;\n  text-decoration: none;\n}\n\n\/* When you move the mouse over the subnav container, open the subnav content *\/\n.subnav:hover .subnav-content {\n  display: block;\n}\n\n<\/style><\/p>\n<h2>\u00a0<\/h2>\n<div class=\"bg-img\">\n<div class=\"container\">\n<div class=\"navbar\">\n<a href=\"?page_id=30357\">Strona g\u0142\u00f3wna<\/a> \n<a href=\"?page_id=33287\">Fulbright w IMGW-PIB<\/a> \n<a href=\"?page_id=30358\">Warsztaty \"Modelowanie po\u017carowe\"<\/a>\n<a href=\"?page_id=41589\">Seminarium 2024<\/a>\n<a href=\"?page_id=30366\">Kontakt<\/a><\/div>\n<\/div>\n<\/div><\/div><\/div>\t\t<\/div>\n\t\t\t\t<\/div>\n\t\t\t\t\t<\/div>\n\t\t<\/div>\n\t\t\t\t\t\t\t<\/div>\n\t\t<\/section>\n\t\t\t\t<section class=\"elementor-section elementor-top-section elementor-element elementor-element-25cab5c elementor-section-boxed elementor-section-height-default elementor-section-height-default\" data-id=\"25cab5c\" data-element_type=\"section\">\n\t\t\t\t\t\t<div class=\"elementor-container elementor-column-gap-default\">\n\t\t\t\t\t<div class=\"elementor-column elementor-col-100 elementor-top-column elementor-element elementor-element-f53ae40\" data-id=\"f53ae40\" data-element_type=\"column\">\n\t\t\t<div class=\"elementor-widget-wrap elementor-element-populated\">\n\t\t\t\t\t\t\t\t<div class=\"elementor-element elementor-element-228bd64 elementor-hidden-desktop elementor-widget elementor-widget-spacer\" data-id=\"228bd64\" data-element_type=\"widget\" data-widget_type=\"spacer.default\">\n\t\t\t\t<div class=\"elementor-widget-container\">\n\t\t\t<style>\/*! elementor - v3.12.1 - 02-04-2023 *\/\n.elementor-column .elementor-spacer-inner{height:var(--spacer-size)}.e-con{--container-widget-width:100%}.e-con-inner>.elementor-widget-spacer,.e-con>.elementor-widget-spacer{width:var(--container-widget-width,var(--spacer-size));--align-self:var(--container-widget-align-self,initial);--flex-shrink:0}.e-con-inner>.elementor-widget-spacer>.elementor-widget-container,.e-con-inner>.elementor-widget-spacer>.elementor-widget-container>.elementor-spacer,.e-con>.elementor-widget-spacer>.elementor-widget-container,.e-con>.elementor-widget-spacer>.elementor-widget-container>.elementor-spacer{height:100%}.e-con-inner>.elementor-widget-spacer>.elementor-widget-container>.elementor-spacer>.elementor-spacer-inner,.e-con>.elementor-widget-spacer>.elementor-widget-container>.elementor-spacer>.elementor-spacer-inner{height:var(--container-widget-height,var(--spacer-size))}<\/style>\t\t<div class=\"elementor-spacer\">\n\t\t\t<div class=\"elementor-spacer-inner\"><\/div>\n\t\t<\/div>\n\t\t\t\t<\/div>\n\t\t\t\t<\/div>\n\t\t\t\t\t<\/div>\n\t\t<\/div>\n\t\t\t\t\t\t\t<\/div>\n\t\t<\/section>\n\t\t\t\t<section class=\"elementor-section elementor-top-section elementor-element elementor-element-591ce7a elementor-section-boxed elementor-section-height-default elementor-section-height-default\" data-id=\"591ce7a\" data-element_type=\"section\">\n\t\t\t\t\t\t<div class=\"elementor-container elementor-column-gap-default\">\n\t\t\t\t\t<div class=\"elementor-column elementor-col-100 elementor-top-column elementor-element elementor-element-d597879\" data-id=\"d597879\" data-element_type=\"column\">\n\t\t\t<div class=\"elementor-widget-wrap elementor-element-populated\">\n\t\t\t\t\t\t\t\t\t<\/div>\n\t\t<\/div>\n\t\t\t\t\t\t\t<\/div>\n\t\t<\/section>\n\t\t\t\t<section class=\"elementor-section elementor-top-section elementor-element elementor-element-5655385 elementor-section-boxed elementor-section-height-default elementor-section-height-default\" data-id=\"5655385\" data-element_type=\"section\">\n\t\t\t\t\t\t<div class=\"elementor-container elementor-column-gap-default\">\n\t\t\t\t\t<div class=\"elementor-column elementor-col-100 elementor-top-column elementor-element elementor-element-3c32937\" data-id=\"3c32937\" data-element_type=\"column\">\n\t\t\t<div class=\"elementor-widget-wrap elementor-element-populated\">\n\t\t\t\t\t\t\t\t<div class=\"elementor-element elementor-element-3c260a4 elementor-widget elementor-widget-text-editor\" data-id=\"3c260a4\" data-element_type=\"widget\" data-widget_type=\"text-editor.default\">\n\t\t\t\t<div class=\"elementor-widget-container\">\n\t\t\t<style>\/*! elementor - v3.12.1 - 02-04-2023 *\/\n.elementor-widget-text-editor.elementor-drop-cap-view-stacked .elementor-drop-cap{background-color:#69727d;color:#fff}.elementor-widget-text-editor.elementor-drop-cap-view-framed .elementor-drop-cap{color:#69727d;border:3px solid;background-color:transparent}.elementor-widget-text-editor:not(.elementor-drop-cap-view-default) .elementor-drop-cap{margin-top:8px}.elementor-widget-text-editor:not(.elementor-drop-cap-view-default) .elementor-drop-cap-letter{width:1em;height:1em}.elementor-widget-text-editor .elementor-drop-cap{float:left;text-align:center;line-height:1;font-size:50px}.elementor-widget-text-editor .elementor-drop-cap-letter{display:inline-block}<\/style>\t\t\t\t<p><span style=\"font-family: Arial, Helvetica, sans-serif; font-size: 12pt;\"><strong>Wizyta prof. Adama Kocha\u0144skiego z San Jos\u00e9 State University w IMGW-PIB<\/strong><\/span><\/p><p><span style=\"font-family: Arial, Helvetica, sans-serif; font-size: 12pt;\">W dniach 3-6.06.2024 w IMGW-PIB go\u015bcili\u015bmy prof. Adama Kocha\u0144skiego z San Jos\u00e9 State University, kt\u00f3ry jest specjalist\u0105 w zakresie modelowania po\u017car\u00f3w i analizy wp\u0142ywu po\u017car\u00f3w na warunki pogodowe i jako\u015b\u0107 powietrza. Wizyta eksperta pozwoli\u0142a pracownikom Centrum Modelowania Meteorologicznego IMGW-PIB naby\u0107 wiedzy z zakresu wykorzystania modelu WRF-SFIRE, dzi\u0119ki czemu mo\u017cliwa b\u0119dzie dalsza praca zespo\u0142u nad implementacj\u0105 tego modelu w trybie operacyjnym dla obszaru Polski. Z dyskusji prowadzonych z prof. Kocha\u0144skim jasno wynika, \u017ce ze wzgl\u0119du na rosn\u0105ce ryzyko zagro\u017cenia po\u017carowego b\u0119d\u0105ce efektem zmiany klimatu,\u00a0 musimy posiada\u0107 narz\u0119dzia w postaci modeli i system\u00f3w wspartych sztuczn\u0105 inteligencj\u0105, aby skutecznie identyfikowa\u0107 i przeciwdzia\u0142a\u0107 powstawaniu ognisk po\u017carowych.<\/span><\/p><p><span style=\"font-family: Arial, Helvetica, sans-serif; font-size: 12pt;\">W ostatni dzie\u0144 pobytu prof. Kocha\u0144skiego odby\u0142o si\u0119 otwarte seminarium naukowe CMM, podczas kt\u00f3rego nasz go\u015b\u0107 wyg\u0142osi\u0142 prezentacj\u0119 pt.: \u201eProjekty grupy modelowania po\u017carowego WIRC na Uniwersytecie Stanowym San Jos\u00e9\u201d. Wydarzenie cieszy\u0142o si\u0119 du\u017cym zainteresowaniem, nie tylko pracownik\u00f3w IMGW-PIB, ale te\u017c go\u015bci reprezentuj\u0105cych inne instytucje, m.in. Komenda G\u0142\u00f3wna PSP, Komendy Wojew\u00f3dzkie PSP, Szko\u0142a Aspirant\u00f3w Pa\u0144stwowej Stra\u017cy Po\u017carnej, Akademia Po\u017carnicza, Lasy Pa\u0144stwowe. \u0141\u0105cznie w wydarzeniu wzi\u0119\u0142o udzia\u0142 ponad 120 os\u00f3b.<\/span><\/p><p><span style=\"font-family: Arial, Helvetica, sans-serif; font-size: 12pt;\">Tegoroczna wizyta prof. Kocha\u0144skiego w IMGW-PIB jest drug\u0105 z kolei. Pierwsza wizyta mia\u0142a miejsce w 2023 roku, w ramach realizacji projektu \u201eDevelopment of fire modeling with the WRF-SFire\u201d (program Fulbright Specialist). W\u00f3wczas odby\u0142y si\u0119 warsztaty naukowe \u201eModelowanie po\u017carowe\u201d, do kt\u00f3rych materia\u0142y zosta\u0142y udost\u0119pnione na stronie Centrum Modelowania Meteorologicznego: <a href=\"https:\/\/cmm.imgw.pl\/cmm\/?page_id=30357\">https:\/\/cmm.imgw.pl\/cmm\/?page_id=30357<\/a>.<\/span><\/p><p><img loading=\"lazy\" class=\"aligncenter size-large\" src=\"\/cmm\/wp-content\/uploads\/production\/wrf\/wrf_sfire\/konferencja\/seminarium2024\/IMG_8957.jpeg\" width=\"4032\" height=\"3024\" \/><\/p><p><span style=\"font-family: Arial, Helvetica, sans-serif; font-size: 12pt;\"><u>Materia\u0142y do pobrania z seminarium naukowego CMM \u201eProjekty grupy modelowania po\u017carowego WIRC na Uniwersytecie Stanowym San Jos\u00e9\u201d, <\/u><\/span><u><span style=\"font-family: Arial, Helvetica, sans-serif; font-size: 12pt;\">prof. Adam Kocha\u0144ski, San Jos\u00e9 State University: <\/span><br \/><\/u><\/p>\t\t\t\t\t\t<\/div>\n\t\t\t\t<\/div>\n\t\t\t\t\t<\/div>\n\t\t<\/div>\n\t\t\t\t\t\t\t<\/div>\n\t\t<\/section>\n\t\t\t\t<section class=\"elementor-section elementor-top-section elementor-element elementor-element-ceb39fd elementor-section-boxed elementor-section-height-default elementor-section-height-default\" data-id=\"ceb39fd\" data-element_type=\"section\">\n\t\t\t\t\t\t<div class=\"elementor-container elementor-column-gap-default\">\n\t\t\t\t\t<div class=\"elementor-column elementor-col-100 elementor-top-column elementor-element elementor-element-57a81f8\" data-id=\"57a81f8\" data-element_type=\"column\">\n\t\t\t<div class=\"elementor-widget-wrap elementor-element-populated\">\n\t\t\t\t\t\t\t\t<div class=\"elementor-element elementor-element-e190fc2 elementor-widget elementor-widget-accordion\" data-id=\"e190fc2\" data-element_type=\"widget\" data-widget_type=\"accordion.default\">\n\t\t\t\t<div class=\"elementor-widget-container\">\n\t\t\t<style>\/*! elementor - v3.12.1 - 02-04-2023 *\/\n.elementor-accordion{text-align:left}.elementor-accordion .elementor-accordion-item{border:1px solid #d5d8dc}.elementor-accordion .elementor-accordion-item+.elementor-accordion-item{border-top:none}.elementor-accordion .elementor-tab-title{margin:0;padding:15px 20px;font-weight:700;line-height:1;cursor:pointer;outline:none}.elementor-accordion .elementor-tab-title .elementor-accordion-icon{display:inline-block;width:1.5em}.elementor-accordion .elementor-tab-title .elementor-accordion-icon svg{width:1em;height:1em}.elementor-accordion .elementor-tab-title .elementor-accordion-icon.elementor-accordion-icon-right{float:right;text-align:right}.elementor-accordion .elementor-tab-title .elementor-accordion-icon.elementor-accordion-icon-left{float:left;text-align:left}.elementor-accordion .elementor-tab-title .elementor-accordion-icon .elementor-accordion-icon-closed{display:block}.elementor-accordion .elementor-tab-title .elementor-accordion-icon .elementor-accordion-icon-opened,.elementor-accordion .elementor-tab-title.elementor-active .elementor-accordion-icon-closed{display:none}.elementor-accordion .elementor-tab-title.elementor-active .elementor-accordion-icon-opened{display:block}.elementor-accordion .elementor-tab-content{display:none;padding:15px 20px;border-top:1px solid #d5d8dc}@media (max-width:767px){.elementor-accordion .elementor-tab-title{padding:12px 15px}.elementor-accordion .elementor-tab-title .elementor-accordion-icon{width:1.2em}.elementor-accordion .elementor-tab-content{padding:7px 15px}}.e-con-inner>.elementor-widget-accordion,.e-con>.elementor-widget-accordion{width:var(--container-widget-width);--flex-grow:var(--container-widget-flex-grow)}<\/style>\t\t<div class=\"elementor-accordion\" role=\"tablist\">\n\t\t\t\t\t\t\t<div class=\"elementor-accordion-item\">\n\t\t\t\t\t<div id=\"elementor-tab-title-2361\" class=\"elementor-tab-title\" data-tab=\"1\" role=\"tab\" aria-controls=\"elementor-tab-content-2361\" aria-expanded=\"false\">\n\t\t\t\t\t\t\t\t\t\t\t\t<a class=\"elementor-accordion-title\" href=\"\">Projekty grupy modelowania pozarowego WIRC na Uniwersytecie Stanowym San Jose<\/a>\n\t\t\t\t\t<\/div>\n\t\t\t\t\t<div id=\"elementor-tab-content-2361\" class=\"elementor-tab-content elementor-clearfix\" data-tab=\"1\" role=\"tabpanel\" aria-labelledby=\"elementor-tab-title-2361\"><p style=\"text-align: center;\"><a href=\"\/cmm\/wp-content\/uploads\/production\/wrf\/wrf_sfire\/konferencja\/seminarium2024\/Projekty grupy modelowania pozarowego WIRC na Uniwersytecie Stanowym San Jose.pdf\" target=\"_blank\" rel=\"noopener\">[ POBIERZ PREZENTACJ\u0118 PDF]<\/a><\/p>\n<video controls=\"controls\" width=\"640\" height=\"480\">\n<source src=\"\/cmm\/wp-content\/uploads\/production\/wrf\/wrf_sfire\/konferencja\/seminarium2024\/Seminarium naukowe CMM. Projekty grupy modelowania pozarowego WIRC na Uniwersytecie Stanowym San Jose.mp4\" \/>\n<\/video><\/div>\n\t\t\t\t<\/div>\n\t\t\t\t\t\t\t\t<\/div>\n\t\t\t\t<\/div>\n\t\t\t\t<\/div>\n\t\t\t\t<div class=\"elementor-element elementor-element-915a0e1 elementor-widget-divider--view-line_text elementor-widget-divider--element-align-center elementor-widget elementor-widget-divider\" data-id=\"915a0e1\" data-element_type=\"widget\" data-widget_type=\"divider.default\">\n\t\t\t\t<div class=\"elementor-widget-container\">\n\t\t\t<style>\/*! elementor - v3.12.1 - 02-04-2023 *\/\n.elementor-widget-divider{--divider-border-style:none;--divider-border-width:1px;--divider-color:#0c0d0e;--divider-icon-size:20px;--divider-element-spacing:10px;--divider-pattern-height:24px;--divider-pattern-size:20px;--divider-pattern-url:none;--divider-pattern-repeat:repeat-x}.elementor-widget-divider .elementor-divider{display:flex}.elementor-widget-divider .elementor-divider__text{font-size:15px;line-height:1;max-width:95%}.elementor-widget-divider .elementor-divider__element{margin:0 var(--divider-element-spacing);flex-shrink:0}.elementor-widget-divider .elementor-icon{font-size:var(--divider-icon-size)}.elementor-widget-divider .elementor-divider-separator{display:flex;margin:0;direction:ltr}.elementor-widget-divider--view-line_icon .elementor-divider-separator,.elementor-widget-divider--view-line_text .elementor-divider-separator{align-items:center}.elementor-widget-divider--view-line_icon .elementor-divider-separator:after,.elementor-widget-divider--view-line_icon .elementor-divider-separator:before,.elementor-widget-divider--view-line_text .elementor-divider-separator:after,.elementor-widget-divider--view-line_text .elementor-divider-separator:before{display:block;content:\"\";border-bottom:0;flex-grow:1;border-top:var(--divider-border-width) var(--divider-border-style) var(--divider-color)}.elementor-widget-divider--element-align-left .elementor-divider .elementor-divider-separator>.elementor-divider__svg:first-of-type{flex-grow:0;flex-shrink:100}.elementor-widget-divider--element-align-left .elementor-divider-separator:before{content:none}.elementor-widget-divider--element-align-left .elementor-divider__element{margin-left:0}.elementor-widget-divider--element-align-right .elementor-divider .elementor-divider-separator>.elementor-divider__svg:last-of-type{flex-grow:0;flex-shrink:100}.elementor-widget-divider--element-align-right .elementor-divider-separator:after{content:none}.elementor-widget-divider--element-align-right .elementor-divider__element{margin-right:0}.elementor-widget-divider:not(.elementor-widget-divider--view-line_text):not(.elementor-widget-divider--view-line_icon) .elementor-divider-separator{border-top:var(--divider-border-width) var(--divider-border-style) var(--divider-color)}.elementor-widget-divider--separator-type-pattern{--divider-border-style:none}.elementor-widget-divider--separator-type-pattern.elementor-widget-divider--view-line .elementor-divider-separator,.elementor-widget-divider--separator-type-pattern:not(.elementor-widget-divider--view-line) .elementor-divider-separator:after,.elementor-widget-divider--separator-type-pattern:not(.elementor-widget-divider--view-line) .elementor-divider-separator:before,.elementor-widget-divider--separator-type-pattern:not([class*=elementor-widget-divider--view]) .elementor-divider-separator{width:100%;min-height:var(--divider-pattern-height);-webkit-mask-size:var(--divider-pattern-size) 100%;mask-size:var(--divider-pattern-size) 100%;-webkit-mask-repeat:var(--divider-pattern-repeat);mask-repeat:var(--divider-pattern-repeat);background-color:var(--divider-color);-webkit-mask-image:var(--divider-pattern-url);mask-image:var(--divider-pattern-url)}.elementor-widget-divider--no-spacing{--divider-pattern-size:auto}.elementor-widget-divider--bg-round{--divider-pattern-repeat:round}.rtl .elementor-widget-divider .elementor-divider__text{direction:rtl}.e-con-inner>.elementor-widget-divider,.e-con>.elementor-widget-divider{width:var(--container-widget-width,100%);--flex-grow:var(--container-widget-flex-grow)}<\/style>\t\t<div class=\"elementor-divider\">\n\t\t\t<span class=\"elementor-divider-separator\">\n\t\t\t\t\t\t\t<span class=\"elementor-divider__text elementor-divider__element\">\n\t\t\t\tUdost\u0119pnij stron\u0119\t\t\t\t<\/span>\n\t\t\t\t\t\t<\/span>\n\t\t<\/div>\n\t\t\t\t<\/div>\n\t\t\t\t<\/div>\n\t\t\t\t\t<\/div>\n\t\t<\/div>\n\t\t\t\t\t\t\t<\/div>\n\t\t<\/section>\n\t\t\t\t\t\t\t<\/div>\n\t\t","protected":false},"excerpt":{"rendered":"<p>Wizyta prof. Adama Kocha\u0144skiego z San Jos\u00e9 State University w IMGW-PIB W dniach 3-6.06.2024 w IMGW-PIB go\u015bcili\u015bmy prof. Adama Kocha\u0144skiego z San Jos\u00e9 State University, kt\u00f3ry jest specjalist\u0105 w zakresie modelowania po\u017car\u00f3w i analizy wp\u0142ywu po\u017car\u00f3w na warunki pogodowe i jako\u015b\u0107 powietrza. Wizyta eksperta pozwoli\u0142a pracownikom Centrum Modelowania Meteorologicznego IMGW-PIB naby\u0107 wiedzy z zakresu wykorzystania [&hellip;]<\/p>\n","protected":false},"author":3,"featured_media":30369,"parent":0,"menu_order":0,"comment_status":"closed","ping_status":"closed","template":"templates\/landing.php","meta":{"ocean_post_layout":"","ocean_both_sidebars_style":"","ocean_both_sidebars_content_width":0,"ocean_both_sidebars_sidebars_width":0,"ocean_sidebar":"0","ocean_second_sidebar":"0","ocean_disable_margins":"enable","ocean_add_body_class":"","ocean_shortcode_before_top_bar":"","ocean_shortcode_after_top_bar":"","ocean_shortcode_before_header":"","ocean_shortcode_after_header":"","ocean_has_shortcode":"","ocean_shortcode_after_title":"","ocean_shortcode_before_footer_widgets":"","ocean_shortcode_after_footer_widgets":"","ocean_shortcode_before_footer_bottom":"","ocean_shortcode_after_footer_bottom":"","ocean_display_top_bar":"off","ocean_display_header":"off","ocean_header_style":"","ocean_center_header_left_menu":"0","ocean_custom_header_template":"0","ocean_custom_logo":0,"ocean_custom_retina_logo":0,"ocean_custom_logo_max_width":0,"ocean_custom_logo_tablet_max_width":0,"ocean_custom_logo_mobile_max_width":0,"ocean_custom_logo_max_height":0,"ocean_custom_logo_tablet_max_height":0,"ocean_custom_logo_mobile_max_height":0,"ocean_header_custom_menu":"0","ocean_menu_typo_font_family":"0","ocean_menu_typo_font_subset":"","ocean_menu_typo_font_size":0,"ocean_menu_typo_font_size_tablet":0,"ocean_menu_typo_font_size_mobile":0,"ocean_menu_typo_font_size_unit":"px","ocean_menu_typo_font_weight":"","ocean_menu_typo_font_weight_tablet":"","ocean_menu_typo_font_weight_mobile":"","ocean_menu_typo_transform":"","ocean_menu_typo_transform_tablet":"","ocean_menu_typo_transform_mobile":"","ocean_menu_typo_line_height":0,"ocean_menu_typo_line_height_tablet":0,"ocean_menu_typo_line_height_mobile":0,"ocean_menu_typo_line_height_unit":"","ocean_menu_typo_spacing":0,"ocean_menu_typo_spacing_tablet":0,"ocean_menu_typo_spacing_mobile":0,"ocean_menu_typo_spacing_unit":"","ocean_menu_link_color":"","ocean_menu_link_color_hover":"","ocean_menu_link_color_active":"","ocean_menu_link_background":"","ocean_menu_link_hover_background":"","ocean_menu_link_active_background":"","ocean_menu_social_links_bg":"","ocean_menu_social_hover_links_bg":"","ocean_menu_social_links_color":"","ocean_menu_social_hover_links_color":"","ocean_disable_title":"default","ocean_disable_heading":"default","ocean_post_title":"","ocean_post_subheading":"","ocean_post_title_style":"","ocean_post_title_background_color":"","ocean_post_title_background":0,"ocean_post_title_bg_image_position":"","ocean_post_title_bg_image_attachment":"","ocean_post_title_bg_image_repeat":"","ocean_post_title_bg_image_size":"","ocean_post_title_height":0,"ocean_post_title_bg_overlay":0.5,"ocean_post_title_bg_overlay_color":"","ocean_disable_breadcrumbs":"default","ocean_breadcrumbs_color":"","ocean_breadcrumbs_separator_color":"","ocean_breadcrumbs_links_color":"","ocean_breadcrumbs_links_hover_color":"","ocean_display_footer_widgets":"default","ocean_display_footer_bottom":"default","ocean_custom_footer_template":"0"},"yoast_head":"<!-- This site is optimized with the Yoast SEO plugin v19.5.1 - https:\/\/yoast.com\/wordpress\/plugins\/seo\/ -->\n<title>Modelowanie po\u017carowe - Seminarium 2024 - Laboratorium Modelowania Meteorologicznego CMOK IMGW-PIB<\/title>\n<meta name=\"description\" content=\"W dniach czerwcu 2023 r. w Centrum Modelowania Meteorologicznego, Instytutu Meteorologii i Gospodarki Wodnej \u2013 PIB go\u015bci\u0142o profesora Adama Kocha\u0144skiego z San Jos\u00e9 State University w Kalifornii, kt\u00f3ry jest mi\u0119dzynarodowym specjalist\u0105 zajmuj\u0105cym si\u0119 modelowaniem po\u017car\u00f3w w r\u00f3\u017cnych warunkach meteorologicznych. Podczas pobytu realizowano projekt pt. &quot;Development of fire modeling with the WRF-Sfire&quot; w ramach programu Fulbright Specialist, czyli kr\u00f3tkoterminowej wymiany naukowo-badawczej maj\u0105cy na celu pog\u0142\u0119bienie oraz rozszerzenie wsp\u00f3\u0142pracy mi\u0119dzy polskimi instytucjami, a ameryka\u0144skimi naukowcami (wi\u0119cej informacji o programie: https:\/\/fulbright.edu.pl\/specialist\/).\" \/>\n<meta name=\"robots\" content=\"noindex, nofollow\" \/>\n<meta property=\"og:locale\" content=\"pl_PL\" \/>\n<meta property=\"og:type\" content=\"article\" \/>\n<meta property=\"og:title\" content=\"Warsztaty naukowe &quot;Modelowanie po\u017carowe&quot;\u200b Fulbright\" \/>\n<meta property=\"og:description\" content=\"W dniach czerwcu 2023 r. w Centrum Modelowania Meteorologicznego, Instytutu Meteorologii i Gospodarki Wodnej \u2013 PIB go\u015bci\u0142o profesora Adama Kocha\u0144skiego z San Jos\u00e9 State University w Kalifornii, kt\u00f3ry jest mi\u0119dzynarodowym specjalist\u0105 zajmuj\u0105cym si\u0119 modelowaniem po\u017car\u00f3w w r\u00f3\u017cnych warunkach meteorologicznych. Podczas pobytu realizowano projekt pt. &quot;Development of fire modeling with the WRF-Sfire&quot; w ramach programu Fulbright Specialist, czyli kr\u00f3tkoterminowej wymiany naukowo-badawczej maj\u0105cy na celu pog\u0142\u0119bienie oraz rozszerzenie wsp\u00f3\u0142pracy mi\u0119dzy polskimi instytucjami, a ameryka\u0144skimi naukowcami (wi\u0119cej informacji o programie: https:\/\/fulbright.edu.pl\/specialist\/).\" \/>\n<meta property=\"og:url\" content=\"https:\/\/cmm.imgw.pl\/?page_id=41589\" \/>\n<meta property=\"og:site_name\" content=\"Laboratorium Modelowania Meteorologicznego CMOK IMGW-PIB\" \/>\n<meta property=\"article:publisher\" content=\"https:\/\/www.facebook.com\/Meteoimgw\/\" \/>\n<meta property=\"article:modified_time\" content=\"2024-06-07T12:58:19+00:00\" \/>\n<meta property=\"og:image\" content=\"http:\/\/cmm.imgw.pl\/wp-content\/uploads\/2023\/05\/fire-gfa6624c5f_640.jpg\" \/>\n\t<meta property=\"og:image:width\" content=\"640\" \/>\n\t<meta property=\"og:image:height\" content=\"427\" \/>\n\t<meta property=\"og:image:type\" content=\"image\/jpeg\" \/>\n<meta name=\"twitter:card\" content=\"summary_large_image\" \/>\n<meta name=\"twitter:title\" content=\"Warsztaty naukowe &quot;Modelowanie po\u017carowe&quot;\u200b Fulbright\" \/>\n<meta name=\"twitter:description\" content=\"W dniach czerwcu 2023 r. w Centrum Modelowania Meteorologicznego, Instytutu Meteorologii i Gospodarki Wodnej \u2013 PIB go\u015bci\u0142o profesora Adama Kocha\u0144skiego z San Jos\u00e9 State University w Kalifornii, kt\u00f3ry jest mi\u0119dzynarodowym specjalist\u0105 zajmuj\u0105cym si\u0119 modelowaniem po\u017car\u00f3w w r\u00f3\u017cnych warunkach meteorologicznych. Podczas pobytu realizowano projekt pt. &quot;Development of fire modeling with the WRF-Sfire&quot; w ramach programu Fulbright Specialist, czyli kr\u00f3tkoterminowej wymiany naukowo-badawczej maj\u0105cy na celu pog\u0142\u0119bienie oraz rozszerzenie wsp\u00f3\u0142pracy mi\u0119dzy polskimi instytucjami, a ameryka\u0144skimi naukowcami (wi\u0119cej informacji o programie: https:\/\/fulbright.edu.pl\/specialist\/).\" \/>\n<meta name=\"twitter:image\" content=\"https:\/\/cmm.imgw.pl\/wp-content\/uploads\/2023\/05\/fire-gfa6624c5f_640.jpg\" \/>\n<meta name=\"twitter:site\" content=\"@IMGW_CMM\" \/>\n<meta name=\"twitter:label1\" content=\"Szacowany czas czytania\" \/>\n\t<meta name=\"twitter:data1\" content=\"2 minuty\" \/>\n<script type=\"application\/ld+json\" class=\"yoast-schema-graph\">{\"@context\":\"https:\/\/schema.org\",\"@graph\":[{\"@type\":\"WebPage\",\"@id\":\"https:\/\/cmm.imgw.pl\/?page_id=41589\",\"url\":\"https:\/\/cmm.imgw.pl\/?page_id=41589\",\"name\":\"Modelowanie po\u017carowe - Seminarium 2024 - Laboratorium Modelowania Meteorologicznego CMOK IMGW-PIB\",\"isPartOf\":{\"@id\":\"https:\/\/cmm.imgw.pl\/#website\"},\"datePublished\":\"2024-06-07T11:45:43+00:00\",\"dateModified\":\"2024-06-07T12:58:19+00:00\",\"description\":\"W dniach czerwcu 2023 r. w Centrum Modelowania Meteorologicznego, Instytutu Meteorologii i Gospodarki Wodnej \u2013 PIB go\u015bci\u0142o profesora Adama Kocha\u0144skiego z San Jos\u00e9 State University w Kalifornii, kt\u00f3ry jest mi\u0119dzynarodowym specjalist\u0105 zajmuj\u0105cym si\u0119 modelowaniem po\u017car\u00f3w w r\u00f3\u017cnych warunkach meteorologicznych. Podczas pobytu realizowano projekt pt. \\\"Development of fire modeling with the WRF-Sfire\\\" w ramach programu Fulbright Specialist, czyli kr\u00f3tkoterminowej wymiany naukowo-badawczej maj\u0105cy na celu pog\u0142\u0119bienie oraz rozszerzenie wsp\u00f3\u0142pracy mi\u0119dzy polskimi instytucjami, a ameryka\u0144skimi naukowcami (wi\u0119cej informacji o programie: https:\/\/fulbright.edu.pl\/specialist\/).\",\"breadcrumb\":{\"@id\":\"https:\/\/cmm.imgw.pl\/?page_id=41589#breadcrumb\"},\"inLanguage\":\"pl-PL\",\"potentialAction\":[{\"@type\":\"ReadAction\",\"target\":[\"https:\/\/cmm.imgw.pl\/?page_id=41589\"]}]},{\"@type\":\"BreadcrumbList\",\"@id\":\"https:\/\/cmm.imgw.pl\/?page_id=41589#breadcrumb\",\"itemListElement\":[{\"@type\":\"ListItem\",\"position\":1,\"name\":\"Home\",\"item\":\"https:\/\/cmm.imgw.pl\/\"},{\"@type\":\"ListItem\",\"position\":2,\"name\":\"Modelowanie po\u017carowe &#8211; Seminarium 2024\"}]},{\"@type\":\"WebSite\",\"@id\":\"https:\/\/cmm.imgw.pl\/#website\",\"url\":\"https:\/\/cmm.imgw.pl\/\",\"name\":\"Laboratorium Modelowania Meteorologicznego CMOK IMGW-PIB\",\"description\":\"CMOK-LMM Laboratorium pe\u0142ni pa\u0144stwow\u0105 s\u0142u\u017cb\u0119 hydrologiczno-meteorologiczn\u0105 w zakresie numerycznych prognoz pogody, kt\u00f3rego zadaniem jest konsolidacja kompetencji w obszarze modelowania zjawisk pogodowych oraz dalszego rozwoju numerycznych modeli pogody (NMP).\",\"publisher\":{\"@id\":\"https:\/\/cmm.imgw.pl\/#organization\"},\"potentialAction\":[{\"@type\":\"SearchAction\",\"target\":{\"@type\":\"EntryPoint\",\"urlTemplate\":\"https:\/\/cmm.imgw.pl\/?s={search_term_string}\"},\"query-input\":\"required name=search_term_string\"}],\"inLanguage\":\"pl-PL\"},{\"@type\":\"Organization\",\"@id\":\"https:\/\/cmm.imgw.pl\/#organization\",\"name\":\"Laboratorium Modelowania Meteorologicznego CMOK IMGW-PIB\",\"url\":\"https:\/\/cmm.imgw.pl\/\",\"sameAs\":[\"https:\/\/www.facebook.com\/Meteoimgw\/\",\"https:\/\/twitter.com\/IMGW_CMM\"],\"logo\":{\"@type\":\"ImageObject\",\"inLanguage\":\"pl-PL\",\"@id\":\"https:\/\/cmm.imgw.pl\/#\/schema\/logo\/image\/\",\"url\":\"https:\/\/cmm.imgw.pl\/wp-content\/uploads\/2025\/10\/MODELE_LOGO_UNIFIKACJA_v2.png\",\"contentUrl\":\"https:\/\/cmm.imgw.pl\/wp-content\/uploads\/2025\/10\/MODELE_LOGO_UNIFIKACJA_v2.png\",\"width\":1356,\"height\":365,\"caption\":\"Laboratorium Modelowania Meteorologicznego CMOK IMGW-PIB\"},\"image\":{\"@id\":\"https:\/\/cmm.imgw.pl\/#\/schema\/logo\/image\/\"}}]}<\/script>\n<!-- \/ Yoast SEO plugin. -->","yoast_head_json":{"title":"Modelowanie po\u017carowe - Seminarium 2024 - Laboratorium Modelowania Meteorologicznego CMOK IMGW-PIB","description":"W dniach czerwcu 2023 r. w Centrum Modelowania Meteorologicznego, Instytutu Meteorologii i Gospodarki Wodnej \u2013 PIB go\u015bci\u0142o profesora Adama Kocha\u0144skiego z San Jos\u00e9 State University w Kalifornii, kt\u00f3ry jest mi\u0119dzynarodowym specjalist\u0105 zajmuj\u0105cym si\u0119 modelowaniem po\u017car\u00f3w w r\u00f3\u017cnych warunkach meteorologicznych. Podczas pobytu realizowano projekt pt. \"Development of fire modeling with the WRF-Sfire\" w ramach programu Fulbright Specialist, czyli kr\u00f3tkoterminowej wymiany naukowo-badawczej maj\u0105cy na celu pog\u0142\u0119bienie oraz rozszerzenie wsp\u00f3\u0142pracy mi\u0119dzy polskimi instytucjami, a ameryka\u0144skimi naukowcami (wi\u0119cej informacji o programie: https:\/\/fulbright.edu.pl\/specialist\/).","robots":{"index":"noindex","follow":"nofollow"},"og_locale":"pl_PL","og_type":"article","og_title":"Warsztaty naukowe \"Modelowanie po\u017carowe\"\u200b Fulbright","og_description":"W dniach czerwcu 2023 r. w Centrum Modelowania Meteorologicznego, Instytutu Meteorologii i Gospodarki Wodnej \u2013 PIB go\u015bci\u0142o profesora Adama Kocha\u0144skiego z San Jos\u00e9 State University w Kalifornii, kt\u00f3ry jest mi\u0119dzynarodowym specjalist\u0105 zajmuj\u0105cym si\u0119 modelowaniem po\u017car\u00f3w w r\u00f3\u017cnych warunkach meteorologicznych. Podczas pobytu realizowano projekt pt. \"Development of fire modeling with the WRF-Sfire\" w ramach programu Fulbright Specialist, czyli kr\u00f3tkoterminowej wymiany naukowo-badawczej maj\u0105cy na celu pog\u0142\u0119bienie oraz rozszerzenie wsp\u00f3\u0142pracy mi\u0119dzy polskimi instytucjami, a ameryka\u0144skimi naukowcami (wi\u0119cej informacji o programie: https:\/\/fulbright.edu.pl\/specialist\/).","og_url":"https:\/\/cmm.imgw.pl\/?page_id=41589","og_site_name":"Laboratorium Modelowania Meteorologicznego CMOK IMGW-PIB","article_publisher":"https:\/\/www.facebook.com\/Meteoimgw\/","article_modified_time":"2024-06-07T12:58:19+00:00","og_image":[{"width":640,"height":427,"url":"http:\/\/cmm.imgw.pl\/wp-content\/uploads\/2023\/05\/fire-gfa6624c5f_640.jpg","type":"image\/jpeg"}],"twitter_card":"summary_large_image","twitter_title":"Warsztaty naukowe \"Modelowanie po\u017carowe\"\u200b Fulbright","twitter_description":"W dniach czerwcu 2023 r. w Centrum Modelowania Meteorologicznego, Instytutu Meteorologii i Gospodarki Wodnej \u2013 PIB go\u015bci\u0142o profesora Adama Kocha\u0144skiego z San Jos\u00e9 State University w Kalifornii, kt\u00f3ry jest mi\u0119dzynarodowym specjalist\u0105 zajmuj\u0105cym si\u0119 modelowaniem po\u017car\u00f3w w r\u00f3\u017cnych warunkach meteorologicznych. Podczas pobytu realizowano projekt pt. \"Development of fire modeling with the WRF-Sfire\" w ramach programu Fulbright Specialist, czyli kr\u00f3tkoterminowej wymiany naukowo-badawczej maj\u0105cy na celu pog\u0142\u0119bienie oraz rozszerzenie wsp\u00f3\u0142pracy mi\u0119dzy polskimi instytucjami, a ameryka\u0144skimi naukowcami (wi\u0119cej informacji o programie: https:\/\/fulbright.edu.pl\/specialist\/).","twitter_image":"https:\/\/cmm.imgw.pl\/wp-content\/uploads\/2023\/05\/fire-gfa6624c5f_640.jpg","twitter_site":"@IMGW_CMM","twitter_misc":{"Szacowany czas czytania":"2 minuty"},"schema":{"@context":"https:\/\/schema.org","@graph":[{"@type":"WebPage","@id":"https:\/\/cmm.imgw.pl\/?page_id=41589","url":"https:\/\/cmm.imgw.pl\/?page_id=41589","name":"Modelowanie po\u017carowe - Seminarium 2024 - Laboratorium Modelowania Meteorologicznego CMOK IMGW-PIB","isPartOf":{"@id":"https:\/\/cmm.imgw.pl\/#website"},"datePublished":"2024-06-07T11:45:43+00:00","dateModified":"2024-06-07T12:58:19+00:00","description":"W dniach czerwcu 2023 r. w Centrum Modelowania Meteorologicznego, Instytutu Meteorologii i Gospodarki Wodnej \u2013 PIB go\u015bci\u0142o profesora Adama Kocha\u0144skiego z San Jos\u00e9 State University w Kalifornii, kt\u00f3ry jest mi\u0119dzynarodowym specjalist\u0105 zajmuj\u0105cym si\u0119 modelowaniem po\u017car\u00f3w w r\u00f3\u017cnych warunkach meteorologicznych. Podczas pobytu realizowano projekt pt. \"Development of fire modeling with the WRF-Sfire\" w ramach programu Fulbright Specialist, czyli kr\u00f3tkoterminowej wymiany naukowo-badawczej maj\u0105cy na celu pog\u0142\u0119bienie oraz rozszerzenie wsp\u00f3\u0142pracy mi\u0119dzy polskimi instytucjami, a ameryka\u0144skimi naukowcami (wi\u0119cej informacji o programie: https:\/\/fulbright.edu.pl\/specialist\/).","breadcrumb":{"@id":"https:\/\/cmm.imgw.pl\/?page_id=41589#breadcrumb"},"inLanguage":"pl-PL","potentialAction":[{"@type":"ReadAction","target":["https:\/\/cmm.imgw.pl\/?page_id=41589"]}]},{"@type":"BreadcrumbList","@id":"https:\/\/cmm.imgw.pl\/?page_id=41589#breadcrumb","itemListElement":[{"@type":"ListItem","position":1,"name":"Home","item":"https:\/\/cmm.imgw.pl\/"},{"@type":"ListItem","position":2,"name":"Modelowanie po\u017carowe &#8211; Seminarium 2024"}]},{"@type":"WebSite","@id":"https:\/\/cmm.imgw.pl\/#website","url":"https:\/\/cmm.imgw.pl\/","name":"Laboratorium Modelowania Meteorologicznego CMOK IMGW-PIB","description":"CMOK-LMM Laboratorium pe\u0142ni pa\u0144stwow\u0105 s\u0142u\u017cb\u0119 hydrologiczno-meteorologiczn\u0105 w zakresie numerycznych prognoz pogody, kt\u00f3rego zadaniem jest konsolidacja kompetencji w obszarze modelowania zjawisk pogodowych oraz dalszego rozwoju numerycznych modeli pogody (NMP).","publisher":{"@id":"https:\/\/cmm.imgw.pl\/#organization"},"potentialAction":[{"@type":"SearchAction","target":{"@type":"EntryPoint","urlTemplate":"https:\/\/cmm.imgw.pl\/?s={search_term_string}"},"query-input":"required name=search_term_string"}],"inLanguage":"pl-PL"},{"@type":"Organization","@id":"https:\/\/cmm.imgw.pl\/#organization","name":"Laboratorium Modelowania Meteorologicznego CMOK IMGW-PIB","url":"https:\/\/cmm.imgw.pl\/","sameAs":["https:\/\/www.facebook.com\/Meteoimgw\/","https:\/\/twitter.com\/IMGW_CMM"],"logo":{"@type":"ImageObject","inLanguage":"pl-PL","@id":"https:\/\/cmm.imgw.pl\/#\/schema\/logo\/image\/","url":"https:\/\/cmm.imgw.pl\/wp-content\/uploads\/2025\/10\/MODELE_LOGO_UNIFIKACJA_v2.png","contentUrl":"https:\/\/cmm.imgw.pl\/wp-content\/uploads\/2025\/10\/MODELE_LOGO_UNIFIKACJA_v2.png","width":1356,"height":365,"caption":"Laboratorium Modelowania Meteorologicznego CMOK IMGW-PIB"},"image":{"@id":"https:\/\/cmm.imgw.pl\/#\/schema\/logo\/image\/"}}]}},"_links":{"self":[{"href":"https:\/\/cmm.imgw.pl\/index.php?rest_route=\/wp\/v2\/pages\/41589"}],"collection":[{"href":"https:\/\/cmm.imgw.pl\/index.php?rest_route=\/wp\/v2\/pages"}],"about":[{"href":"https:\/\/cmm.imgw.pl\/index.php?rest_route=\/wp\/v2\/types\/page"}],"author":[{"embeddable":true,"href":"https:\/\/cmm.imgw.pl\/index.php?rest_route=\/wp\/v2\/users\/3"}],"replies":[{"embeddable":true,"href":"https:\/\/cmm.imgw.pl\/index.php?rest_route=%2Fwp%2Fv2%2Fcomments&post=41589"}],"version-history":[{"count":11,"href":"https:\/\/cmm.imgw.pl\/index.php?rest_route=\/wp\/v2\/pages\/41589\/revisions"}],"predecessor-version":[{"id":41607,"href":"https:\/\/cmm.imgw.pl\/index.php?rest_route=\/wp\/v2\/pages\/41589\/revisions\/41607"}],"wp:featuredmedia":[{"embeddable":true,"href":"https:\/\/cmm.imgw.pl\/index.php?rest_route=\/wp\/v2\/media\/30369"}],"wp:attachment":[{"href":"https:\/\/cmm.imgw.pl\/index.php?rest_route=%2Fwp%2Fv2%2Fmedia&parent=41589"}],"curies":[{"name":"wp","href":"https:\/\/api.w.org\/{rel}","templated":true}]}}