{"id":21866,"date":"2023-02-01T14:16:34","date_gmt":"2023-02-01T13:16:34","guid":{"rendered":"https:\/\/cmm.imgw.pl\/?page_id=21866"},"modified":"2023-02-27T18:46:31","modified_gmt":"2023-02-27T17:46:31","slug":"akademiacmm-kometa-ztf-c-2022-e3-na-polnocnym-niebie","status":"publish","type":"page","link":"https:\/\/cmm.imgw.pl\/?page_id=21866","title":{"rendered":"#AkademiaCMM &#8211; Kometa ZTF (C\/2022 E3) na p\u00f3\u0142nocnym niebie"},"content":{"rendered":"\t\t<div data-elementor-type=\"wp-page\" data-elementor-id=\"21866\" class=\"elementor elementor-21866\">\n\t\t\t\t\t\t\t\t\t<section class=\"elementor-section elementor-top-section elementor-element elementor-element-a70714a elementor-section-boxed elementor-section-height-default elementor-section-height-default\" data-id=\"a70714a\" data-element_type=\"section\">\n\t\t\t\t\t\t<div class=\"elementor-container elementor-column-gap-default\">\n\t\t\t\t\t<div class=\"elementor-column elementor-col-100 elementor-top-column elementor-element elementor-element-3728202\" data-id=\"3728202\" data-element_type=\"column\">\n\t\t\t<div class=\"elementor-widget-wrap\">\n\t\t\t\t\t\t\t\t\t<\/div>\n\t\t<\/div>\n\t\t\t\t\t\t\t<\/div>\n\t\t<\/section>\n\t\t\t\t<section class=\"elementor-section elementor-top-section elementor-element elementor-element-fa7a42a elementor-section-boxed elementor-section-height-default elementor-section-height-default\" data-id=\"fa7a42a\" data-element_type=\"section\">\n\t\t\t\t\t\t<div class=\"elementor-container elementor-column-gap-default\">\n\t\t\t\t\t<div class=\"elementor-column elementor-col-100 elementor-top-column elementor-element elementor-element-23cc3ea\" data-id=\"23cc3ea\" data-element_type=\"column\">\n\t\t\t<div class=\"elementor-widget-wrap elementor-element-populated\">\n\t\t\t\t\t\t\t\t<div class=\"elementor-element elementor-element-78cd40f elementor-widget elementor-widget-text-editor\" data-id=\"78cd40f\" data-element_type=\"widget\" data-widget_type=\"text-editor.default\">\n\t\t\t\t<div class=\"elementor-widget-container\">\n\t\t\t<style>\/*! elementor - v3.12.1 - 02-04-2023 *\/\n.elementor-widget-text-editor.elementor-drop-cap-view-stacked .elementor-drop-cap{background-color:#69727d;color:#fff}.elementor-widget-text-editor.elementor-drop-cap-view-framed .elementor-drop-cap{color:#69727d;border:3px solid;background-color:transparent}.elementor-widget-text-editor:not(.elementor-drop-cap-view-default) .elementor-drop-cap{margin-top:8px}.elementor-widget-text-editor:not(.elementor-drop-cap-view-default) .elementor-drop-cap-letter{width:1em;height:1em}.elementor-widget-text-editor .elementor-drop-cap{float:left;text-align:center;line-height:1;font-size:50px}.elementor-widget-text-editor .elementor-drop-cap-letter{display:inline-block}<\/style>\t\t\t\t<p><span style=\"font-family: Arial, Helvetica, sans-serif;\"><!-- wp:paragraph --><\/span><\/p><p style=\"text-align: left;\"><strong>Kometa ZTF (C\/2022 E3) na p\u00f3\u0142nocnym niebie<\/strong><\/p><p>01.02.2023<\/p><p style=\"text-align: justify;\"><span style=\"font-family: Arial, Helvetica, sans-serif;\">Opracowanie: dr Grzegorz Duniec, dr Marcin Kolonko, CMM-IMGW-PIB<br \/><\/span><\/p><p style=\"text-align: justify;\"><span style=\"font-family: Arial, Helvetica, sans-serif;\"><!-- \/wp:paragraph --><\/span><span style=\"font-family: Arial, Helvetica, sans-serif;\"><!-- wp:paragraph --><\/span><\/p><p style=\"text-align: justify;\"><span style=\"font-family: Arial, Helvetica, sans-serif;\">Uciekinier z ob\u0142oku Oorta przemkn\u0105\u0142 blisko S\u0142o\u0144ca! Peryhelium orbity osi\u0105gn\u0105\u0142 12 stycznia 2023 roku. Prawdopodobnie pierwsze zbli\u017cenie od 53000 lat. Ko\u0144cem grudnia widoczna jako plamka 8 wielko\u015bci gwiazdowej, mo\u017ce poja\u015bnie\u0107 nawet do granicy widoczno\u015bci go\u0142ym okiem!<\/span><\/p><p style=\"text-align: justify;\"><span style=\"font-family: Arial, Helvetica, sans-serif;\"><!-- \/wp:paragraph --><\/span><span style=\"font-family: Arial, Helvetica, sans-serif;\"><!-- wp:paragraph --><\/span><\/p><p style=\"text-align: justify;\"><span style=\"font-family: Arial, Helvetica, sans-serif;\">Ob\u0142ok Oorta to materia z\u0142o\u017cona z lodowo-skalistych cia\u0142, kt\u00f3rych rozmiary s\u0105 wi\u0119ksze ni\u017c 1 km, tworz\u0105ca kokon wok\u00f3\u0142 S\u0142o\u0144ca. Rozk\u0142ad materii jest praktycznie izotropowy. Rozmiary chmury cia\u0142 lodowo-skalistych rozci\u0105ga si\u0119 mi\u0119dzy 5000-100000 AU. Cia\u0142a nale\u017c\u0105ce do ob\u0142oku Oorta poruszaj\u0105 si\u0119 powoli wok\u00f3\u0142 S\u0142o\u0144ca. Ob\u0142ok Oorta jest skupiskiem materii jeszcze zwi\u0105zanym z Uk\u0142adem S\u0142onecznym. Zawiera on materi\u0119, kt\u00f3ra pozosta\u0142a z formacji S\u0142o\u0144ca \u2013 jest wielokro\u0107 razy dalej ni\u017c Pas Kuipera. Komety jednopojawieniowe to obiekty kt\u00f3re prawdopodobnie pochodz\u0105ce z ob\u0142oku Oorta. Komety jednopojawieniowe stanowi\u0105 wi\u0119kszo\u015b\u0107 wszystkich komet. Poruszaj\u0105 si\u0119 po orbitach hiperbolicznych oraz parabolicznych. W naszych rejonach goszcz\u0105 tylko raz.<\/span><\/p><p style=\"text-align: justify;\"><span style=\"font-family: Arial, Helvetica, sans-serif;\"><!-- \/wp:paragraph --><\/span><\/p><p style=\"text-align: left;\"><span style=\"font-family: Arial, Helvetica, sans-serif;\"><!-- wp:image {\"align\":\"center\",\"id\":21854,\"sizeSlug\":\"large\",\"linkDestination\":\"none\"} --><\/span><\/p><figure class=\"wp-block-image aligncenter size-large\"><span style=\"font-family: Arial, Helvetica, sans-serif;\"><img loading=\"lazy\" width=\"1024\" height=\"309\" class=\"wp-image-21854\" src=\"https:\/\/cmm.imgw.pl\/wp-content\/uploads\/2023\/02\/Obraz76-1024x309.png\" alt=\"\" srcset=\"https:\/\/cmm.imgw.pl\/wp-content\/uploads\/2023\/02\/Obraz76-1024x309.png 1024w, https:\/\/cmm.imgw.pl\/wp-content\/uploads\/2023\/02\/Obraz76-300x91.png 300w, https:\/\/cmm.imgw.pl\/wp-content\/uploads\/2023\/02\/Obraz76-768x232.png 768w, https:\/\/cmm.imgw.pl\/wp-content\/uploads\/2023\/02\/Obraz76.png 1092w\" sizes=\"(max-width: 1024px) 100vw, 1024px\" \/><\/span><\/figure><p style=\"text-align: justify;\"><span style=\"font-family: Arial, Helvetica, sans-serif;\"><!-- \/wp:image --><\/span><\/p><p style=\"text-align: left;\"><span style=\"font-family: Arial, Helvetica, sans-serif;\"><!-- wp:paragraph {\"align\":\"center\"} --><\/span><\/p><p class=\"has-text-align-center\" style=\"text-align: left;\"><span style=\"font-family: Arial, Helvetica, sans-serif;\">Kometa Shoemaker-Levy 9 (D\/1993 F2) w 21 fragmentach przed upadkiem na Jowisza. \u0179r\u00f3d\u0142o: NASA, ESA, and H. Weaver and E. Smith (STScI).<\/span><\/p><p style=\"text-align: left;\"><span style=\"font-family: Arial, Helvetica, sans-serif;\"><!-- \/wp:paragraph --><\/span><\/p><p style=\"text-align: left;\"><span style=\"font-family: Arial, Helvetica, sans-serif;\"><!-- wp:paragraph --><\/span><\/p><p style=\"text-align: left;\"><span style=\"font-family: Arial, Helvetica, sans-serif;\">Raz na jaki\u015b czas trajektorie lodowo-skalnych obiekt\u00f3w nale\u017c\u0105cych do ob\u0142oku Oorta s\u0105 grawitacyjnie zaburzane przez poruszaj\u0105c\u0105 si\u0119 w pobli\u017cu gwiazdy. W wyniku tego oddzia\u0142ywania obiekt mo\u017ce zosta\u0107 wyrzucony z Uk\u0142adu S\u0142onecznego lub mo\u017ce zosta\u0107 skierowany na orbit\u0119 skierowan\u0105 w kierunku S\u0142o\u0144ca \u2013 mamy w\u00f3wczas do czynienia z komet\u0105. Poruszaj\u0105ca si\u0119 gwiazda mo\u017ce zaburza\u0107 wiele obiekt\u00f3w kometarnych jednocze\u015bnie. Badania pokazuj\u0105, \u017ce w niedalekiej przesz\u0142o\u015bci mog\u0142o doj\u015b\u0107 do zbli\u017cenia si\u0119 dw\u00f3ch obiekt\u00f3w. Jednym z nich by\u0142a gwiazda z ci\u0105gu g\u0142\u00f3wnego, za\u015b drugim by\u0142 prawdopodobnie br\u0105zowy karze\u0142.<\/span><\/p><p style=\"text-align: left;\"><span style=\"font-family: Arial, Helvetica, sans-serif;\"><!-- \/wp:paragraph --><\/span><\/p><p style=\"text-align: left;\"><span style=\"font-family: Arial, Helvetica, sans-serif;\"><!-- wp:paragraph --><\/span><\/p><p style=\"text-align: left;\"><span style=\"font-family: Arial, Helvetica, sans-serif;\">Pas Kuipera to zbiorowisko planetoid, kt\u00f3rych trajektorie znajduj\u0105 si\u0119 poza orbit\u0105 Neptuna. Takie obiekty klasyfikujemy jako obiekty transneptunowe. Pas Kuipera rozpo\u015bciera si\u0119 w odleg\u0142o\u015bci 30-50 AU od naszej Gwiazdy. Przedstawicielem tego zbioru planetoid jest Pluton, kt\u00f3ry do 2006 roku by\u0142 dziewi\u0105t\u0105 planet\u0105 w naszym Uk\u0142adzie S\u0142onecznej. Uchwa\u0142\u0105 Mi\u0119dzynarodowej Unii Astronomicznej (IAU) zosta\u0142 zdegradowany do roli planety kar\u0142owatej, obiegaj\u0105cej S\u0142o\u0144ce w czasie 248 lat. Innym cia\u0142em niebieskim nale\u017c\u0105cym do Pasa Kuipera jest Eris, kt\u00f3ra tak jak Pluton jest planet\u0105 kar\u0142owat\u0105 o okresie obiegu oko\u0142o 557 lat. Podobnie jak Pluton nie posiada imponuj\u0105cych rozmiar\u00f3w. \u015arednica to oko\u0142o 2400 km. Pluton jest nieco mniejszy, gdy\u017c jego \u015brednica wynosi 2306 km. Ponadto takie cia\u0142a jak Varuna, Quaoar, Orcus r\u00f3wnie\u017c nale\u017c\u0105 do pasa Kuipera. Prawdopodobnie jeden z ksi\u0119\u017cyc\u00f3w Neptuna, Tryton, te\u017c w przesz\u0142o\u015bci nale\u017ca\u0142 do pasa planetoid, ale zosta\u0142 przechwycony przez pole grawitacyjne planety staj\u0105c si\u0119 jego satelit\u0105. Innym ciekawym obiektem jest planetoida Sedna, kt\u00f3ra prawdopodobnie przejdzie przez peryhelium swojej orbity oko\u0142o 2075 roku. Jej okres obiegu wok\u00f3\u0142 S\u0142o\u0144ca jest do\u015b\u0107 d\u0142ugi, gdy\u017c jak wskazuj\u0105 obliczenia wynosi oko\u0142o 12050 lat. Co do pochodzenia Sedny pogl\u0105dy naukowc\u00f3w s\u0105 podzielone. Niekt\u00f3rzy twierdz\u0105, \u017ce jest to obiekt nale\u017c\u0105cy do ob\u0142oku Oorta. Przypuszcza si\u0119, \u017ce komety okresowe pochodz\u0105 z pasa Kuipera. Kiedy przyjrzymy si\u0119 trajektoriom komet okresowych to zauwa\u017cymy, \u017ce s\u0105 to orbity eliptyczne o bardzo du\u017cym mimo\u015brodzie. Nachylenie p\u0142aszczyzn orbit komet wzgl\u0119dem p\u0142aszczyzny ekliptyki na og\u00f3\u0142 nie przekraczaj\u0105 20\u00b0. Przyk\u0142adem komety okresowej, doskonale wszystkich znanej, jest kometa Halleya. Ostatni raz go\u015bci\u0142a w naszych rejonach w latach 80. ubieg\u0142ego wieku, przechodz\u0105c przez peryhelium swojej orbity 9 lutego 1986 roku. Obecnie zbli\u017ca si\u0119 do aphelium swojej orbity, kt\u00f3ry powinien zosta\u0107 osi\u0105gni\u0119ty w 2024 roku. Peryhelium komety Halleya podczas ostatniego przej\u015bcia znalaz\u0142o si\u0119 bli\u017cej ni\u017c Wenus. P\u0142aszczyzna orbity komety Halley wzgl\u0119dem p\u0142aszczyzny ekliptyki nachylona jest pod k\u0105tem 17,8\u00b0. Komety pochodz\u0105ce z pasa Kuipera podczas swojej w\u0119dr\u00f3wki doznaj\u0105 perturbacji g\u0142\u00f3wnie ze stronu planet olbrzym\u00f3w Jowisza, Saturna, Urana oraz Neptuna. W wyniku oddzia\u0142ywania grawitacyjnego powy\u017cszych planet elementy orbity ulegaj\u0105 zmianie. Zdarza si\u0119, \u017ce orbita paraboliczna komety mo\u017ce w wyniku perturbacji grawitacyjnych przekszta\u0142ci\u0107 si\u0119 w orbit\u0119 eliptyczn\u0105. Czasem w wyniku zaburzenie ruchu komety, jej trajektoria zmieni si\u0119 na tyle, \u017ce mo\u017ce wej\u015b\u0107 na kurs kolizyjny z innym obiektem np. planet\u0105. Tak sta\u0142o si\u0119 z w roku 1994 z komet\u0105 Shoemaker-Levy 9, kt\u00f3ra ostatecznie uleg\u0142a p\u0142ywowemu rozerwaniu i uderzy\u0142a w Jowisza.<\/span><\/p><p style=\"text-align: left;\"><span style=\"font-family: Arial, Helvetica, sans-serif;\"><!-- \/wp:paragraph --><\/span><\/p><p style=\"text-align: left;\"><span style=\"font-family: Arial, Helvetica, sans-serif;\"><!-- wp:image {\"align\":\"center\",\"id\":21855,\"sizeSlug\":\"full\",\"linkDestination\":\"none\"} --><\/span><\/p><figure class=\"wp-block-image aligncenter size-full\"><span style=\"font-family: Arial, Helvetica, sans-serif;\"><img loading=\"lazy\" width=\"454\" height=\"454\" class=\"wp-image-21855\" src=\"https:\/\/cmm.imgw.pl\/wp-content\/uploads\/2023\/02\/Obraz77.png\" alt=\"\" srcset=\"https:\/\/cmm.imgw.pl\/wp-content\/uploads\/2023\/02\/Obraz77.png 454w, https:\/\/cmm.imgw.pl\/wp-content\/uploads\/2023\/02\/Obraz77-300x300.png 300w, https:\/\/cmm.imgw.pl\/wp-content\/uploads\/2023\/02\/Obraz77-150x150.png 150w\" sizes=\"(max-width: 454px) 100vw, 454px\" \/><\/span><\/figure><p style=\"text-align: left;\"><span style=\"font-family: Arial, Helvetica, sans-serif;\"><!-- \/wp:image --><\/span><\/p><p style=\"text-align: left;\"><span style=\"font-family: Arial, Helvetica, sans-serif;\"><!-- wp:paragraph {\"align\":\"center\"} --><\/span><\/p><p class=\"has-text-align-center\" style=\"text-align: left;\"><span style=\"font-family: Arial, Helvetica, sans-serif;\">Wzajemne odleg\u0142o\u015bci w Uk\u0142adzie S\u0142onecznym: w \u015brodku strefa planetarna, po\u015brodku (50-1000 AU, tj. jednostek astronomicznych) Pas Kuipera a na zewn\u0105trz (10000-100000 AU) \u2013 ob\u0142ok Oorta, zawieraj\u0105cy potencjalne j\u0105dra komet. O\u015b odleg\u0142o\u015bci od S\u0142o\u0144ca jest logarytmiczna.<\/span><\/p><p style=\"text-align: left;\"><span style=\"font-family: Arial, Helvetica, sans-serif;\"><!-- \/wp:paragraph --><\/span><\/p><p style=\"text-align: left;\"><span style=\"font-family: Arial, Helvetica, sans-serif;\"><!-- wp:paragraph --><\/span><\/p><p style=\"text-align: left;\"><span style=\"font-family: Arial, Helvetica, sans-serif;\">Kometa mo\u017ce porusza\u0107 si\u0119 po orbicie eliptycznej (dotyczy komet bliskich S\u0142o\u0144cu, jak kometa Enckego czy Halley\u2019a), parabolicznej (graniczny przypadek komety, kt\u00f3ra nadlatuje z bardzo daleka i prawie domyka sw\u00f3j tor lotu) lub hiperbolicznej (jak komety z ob\u0142oku Oorta), o trajektorii niedomkni\u0119tej. Ich okres mo\u017ce wynie\u015b\u0107 nawet kilka milion\u00f3w lat.<\/span><\/p><p style=\"text-align: left;\"><span style=\"font-family: Arial, Helvetica, sans-serif;\"><!-- \/wp:paragraph --><\/span><\/p><p style=\"text-align: left;\"><span style=\"font-family: Arial, Helvetica, sans-serif;\"><!-- wp:image {\"align\":\"center\",\"id\":21856,\"sizeSlug\":\"full\",\"linkDestination\":\"none\"} --><\/span><\/p><figure class=\"wp-block-image aligncenter size-full\"><span style=\"font-family: Arial, Helvetica, sans-serif;\"><img loading=\"lazy\" width=\"454\" height=\"281\" class=\"wp-image-21856\" src=\"https:\/\/cmm.imgw.pl\/wp-content\/uploads\/2023\/02\/Obraz78.jpg\" alt=\"\" srcset=\"https:\/\/cmm.imgw.pl\/wp-content\/uploads\/2023\/02\/Obraz78.jpg 454w, https:\/\/cmm.imgw.pl\/wp-content\/uploads\/2023\/02\/Obraz78-300x186.jpg 300w\" sizes=\"(max-width: 454px) 100vw, 454px\" \/><\/span><\/figure><p style=\"text-align: left;\"><span style=\"font-family: Arial, Helvetica, sans-serif;\"><!-- \/wp:image --><\/span><\/p><p style=\"text-align: left;\"><span style=\"font-family: Arial, Helvetica, sans-serif;\"><!-- wp:paragraph {\"align\":\"center\"} --><\/span><\/p><p class=\"has-text-align-center\" style=\"text-align: left;\"><span style=\"font-family: Arial, Helvetica, sans-serif;\">\u00a0Kometa ZTF widoczna 12 stycznia 2023 r. Widoczne warkocz py\u0142owy i jonowy, rozci\u0105gaj\u0105ce si\u0119 na 4 stopnie \u0142uku. Zdj\u0119cie wykonane z ogniskow\u0105 280 mm. \u0179r\u00f3d\u0142o: Michael Jaeger.<\/span><\/p><p style=\"text-align: left;\"><span style=\"font-family: Arial, Helvetica, sans-serif;\"><!-- \/wp:paragraph --><\/span><\/p><p style=\"text-align: left;\"><span style=\"font-family: Arial, Helvetica, sans-serif;\"><!-- wp:paragraph --><\/span><\/p><p style=\"text-align: left;\"><span style=\"font-family: Arial, Helvetica, sans-serif;\">Im wi\u0119ksza odleg\u0142o\u015b\u0107 aphelium od S\u0142o\u0144ca, tym d\u0142u\u017cszy okres obiegu komety \u2013 tak wynika z III prawa Keplera. Aphelium to punkt, w kt\u00f3rym kometa osi\u0105ga najwi\u0119ksze oddalenie od S\u0142o\u0144ca. Komety z orbit\u0105 eliptyczn\u0105 osi\u0105gaj\u0105 odleg\u0142o\u015bci planet olbrzym\u00f3w. Te paraboliczne czy hiperboliczne zbli\u017caj\u0105 si\u0119 do S\u0142o\u0144ca tylko raz, aby potem umkn\u0105\u0107 z powrotem w przestrze\u0144 mi\u0119dzygwiezdn\u0105.<\/span><\/p><p style=\"text-align: left;\"><span style=\"font-family: Arial, Helvetica, sans-serif;\"><!-- \/wp:paragraph --><\/span><\/p><p style=\"text-align: left;\"><span style=\"font-family: Arial, Helvetica, sans-serif;\"><!-- wp:image {\"align\":\"center\",\"id\":21857,\"sizeSlug\":\"full\",\"linkDestination\":\"none\"} --><\/span><\/p><figure class=\"wp-block-image aligncenter size-full\"><span style=\"font-family: Arial, Helvetica, sans-serif;\"><img loading=\"lazy\" width=\"678\" height=\"536\" class=\"wp-image-21857\" src=\"https:\/\/cmm.imgw.pl\/wp-content\/uploads\/2023\/02\/Obraz79.jpg\" alt=\"\" srcset=\"https:\/\/cmm.imgw.pl\/wp-content\/uploads\/2023\/02\/Obraz79.jpg 678w, https:\/\/cmm.imgw.pl\/wp-content\/uploads\/2023\/02\/Obraz79-300x237.jpg 300w\" sizes=\"(max-width: 678px) 100vw, 678px\" \/><\/span><\/figure><p style=\"text-align: left;\"><span style=\"font-family: Arial, Helvetica, sans-serif;\"><!-- \/wp:image --><\/span><\/p><p style=\"text-align: left;\"><span style=\"font-family: Arial, Helvetica, sans-serif;\"><!-- wp:paragraph {\"align\":\"center\"} --><\/span><\/p><p class=\"has-text-align-center\" style=\"text-align: left;\"><span style=\"font-family: Arial, Helvetica, sans-serif;\">Ciemne plamy na Jowiszu w 1994 roku oznaczaj\u0105 miejsca upadku poszczeg\u00f3lnych fragment\u00f3w rozerwanej p\u0142ywowo komety Shoemaker-Levy 9. \u0179r\u00f3d\u0142o: zesp\u00f3\u0142 NASA Hubble Space Telescope.<\/span><\/p><p style=\"text-align: left;\"><span style=\"font-family: Arial, Helvetica, sans-serif;\"><!-- \/wp:paragraph --><\/span><\/p><p style=\"text-align: left;\"><span style=\"font-family: Arial, Helvetica, sans-serif;\"><!-- wp:paragraph --><\/span><\/p><p style=\"text-align: left;\"><span style=\"font-family: Arial, Helvetica, sans-serif;\">Kometa zbudowana jest z rdzenia skalnego, znajduj\u0105cego si\u0119 w centralnym obszarze, kt\u00f3ry otoczony jest mieszanin\u0105 lodu, brudnego \u015bniegu oraz py\u0142u. Ponadto na powierzchni mo\u017cna odnale\u017a\u0107 amoniak, metan, czad, dwutlenek w\u0119gla. Z bada\u0144 przeprowadzonych przez sondy wys\u0142ane w latach 80. w kierunku komety Halleya wynika\u0142o, \u017ce rozmiary j\u0105dra komety wynosi\u0142y 16x8x8 km. Wi\u0119kszo\u015b\u0107 powierzchni komety jest bardzo czarna w wyniku pokrycia jej powierzchni py\u0142em krzemianowo-grafitowym oraz zwi\u0105zkami organicznymi (polimery formaldehydu). Powierzchnia wykazuje du\u017c\u0105 porowato\u015b\u0107. Dzi\u0119ki porowato\u015bci sublimuj\u0105cy l\u00f3d wydostaje si\u0119 przez pory na zewn\u0105trz. Albedo powierzchni komety jest bardzo ma\u0142e, poni\u017cej 10% (dla komety Halleya 3-4%). W wypadku komety Halleya j\u0105dro przyjmuje kszta\u0142t wyd\u0142u\u017cony. J\u0105dro komety wiruje wok\u00f3\u0142 w\u0142asnej osi. Pomiary wykaza\u0142y, \u017ce okres obrotu j\u0105dra komety Halleya wok\u00f3\u0142 w\u0142asnej osi wynosi\u0142 52 godziny. Co ciekawe o\u015b obrotu wykonuje ruch precesyjny z okresem 175 godzin. Nale\u017cy podkre\u015bli\u0107, \u017ce powy\u017csze warto\u015bci mog\u0105 ulega\u0107 zmianie. Przyczyn\u0105 s\u0105 gazy, kt\u00f3re s\u0105 emitowane z powierzchni komety. Wyp\u0142ywaj\u0105cy gaz powoduje, \u017ce na komet\u0119 dzia\u0142a zmienny moment si\u0142 odrzutu co skutkuje, \u017ce okres obrotu oraz precesji zmieniaj\u0105 si\u0119. W pewnej odleg\u0142o\u015bci od komety gaz wyemitowany z powierzchni komety mo\u017ce uzyska\u0107 pr\u0119dko\u015b\u0107 nadd\u017awi\u0119kow\u0105. W odleg\u0142o\u015bci kilku kilometr\u00f3w gaz osi\u0105ga sta\u0142\u0105 pr\u0119dko\u015b\u0107. L\u0105downik Philae, kt\u00f3ry zosta\u0142 wys\u0142any przez sond\u0119 Rosette w kierunku komety 67P\/Czuriumow-Gierasimienko, wykaza\u0142, \u017ce na powierzchni komety znajdowa\u0142o si\u0119 ponad 20 zwi\u0105zk\u00f3w organicznych. Ciekawym odkryciem by\u0142a twarda woda znajduj\u0105c\u0105 si\u0119 pod warstw\u0105 py\u0142u. Okaza\u0142o si\u0119, \u017ce odkryta woda jest inna ni\u017c woda jaka jest znana na Ziemi. Kiedy kometa zbli\u017ca si\u0119 do S\u0142o\u0144ca, w pewnej odleg\u0142o\u015bci, rozpoczyna si\u0119 sublimacja lodu i \u015bniegu. Z powierzchni komety emitowany jest gaz wraz z cz\u0105stkami py\u0142u, kt\u00f3re \u0142\u0105cznie tworz\u0105 otoczk\u0119, czyli tzw. kom\u0119. Wraz ze zbli\u017caniem si\u0119 komety ku S\u0142o\u0144cu wzrasta ci\u015bnienia promieniowania s\u0142onecznego oraz na komet\u0119 wp\u0142ywa tak\u017ce wiatr s\u0142oneczny, co skutkuje powstaniem, w kierunku ods\u0142onecznym, warkocza py\u0142owego. Drugi to warkocz jonowy. Kometa w trakcie swojego ruchu doznaje oddzia\u0142ywania innych planet i S\u0142o\u0144ca, ze wzgl\u0119du na swoj\u0105 ma\u0142a wytrzyma\u0142o\u015b\u0107 mog\u0105 rozpada\u0107 si\u0119. Inn\u0105 przyczyn\u0105 wywo\u0142uj\u0105c\u0105 rozpad komety s\u0105 gazy znajduj\u0105ce si\u0119 pod powierzchni\u0105 komety. Jasno\u015b\u0107 komety jest trudno do zaprognozowania ze wzgl\u0119du na wybuchy materii. Kometa b\u0119d\u0105c w pobli\u017cu peryhelium orbity emituje du\u017ce ilo\u015bci gazu, kt\u00f3rych masa si\u0119ga kilku ton materii na sekund\u0119 (70 ton\/s dla komety Halleya).<\/span><\/p><p style=\"text-align: left;\"><span style=\"font-family: Arial, Helvetica, sans-serif;\"><!-- \/wp:paragraph --><\/span><\/p><p style=\"text-align: left;\"><span style=\"font-family: Arial, Helvetica, sans-serif;\"><!-- wp:image {\"align\":\"center\",\"id\":21858,\"sizeSlug\":\"full\",\"linkDestination\":\"none\"} --><\/span><\/p><figure class=\"wp-block-image aligncenter size-full\"><span style=\"font-family: Arial, Helvetica, sans-serif;\"><img loading=\"lazy\" width=\"605\" height=\"502\" class=\"wp-image-21858\" src=\"https:\/\/cmm.imgw.pl\/wp-content\/uploads\/2023\/02\/Obraz80.jpg\" alt=\"\" srcset=\"https:\/\/cmm.imgw.pl\/wp-content\/uploads\/2023\/02\/Obraz80.jpg 605w, https:\/\/cmm.imgw.pl\/wp-content\/uploads\/2023\/02\/Obraz80-300x249.jpg 300w\" sizes=\"(max-width: 605px) 100vw, 605px\" \/><\/span><\/figure><p style=\"text-align: left;\"><span style=\"font-family: Arial, Helvetica, sans-serif;\"><!-- \/wp:image --><\/span><\/p><p style=\"text-align: left;\"><span style=\"font-family: Arial, Helvetica, sans-serif;\"><!-- wp:paragraph {\"align\":\"center\"} --><\/span><\/p><p class=\"has-text-align-center\" style=\"text-align: left;\"><span style=\"font-family: Arial, Helvetica, sans-serif;\">Trajektoria komety ZTF w\u015br\u00f3d gwiazdozbior\u00f3w nieba p\u00f3\u0142nocnego. \u0179r\u00f3d\u0142o: Sky and Telescope.<\/span><\/p><p style=\"text-align: left;\"><span style=\"font-family: Arial, Helvetica, sans-serif;\"><!-- \/wp:paragraph --><\/span><\/p><p style=\"text-align: left;\"><span style=\"font-family: Arial, Helvetica, sans-serif;\"><!-- wp:paragraph --><\/span><\/p><p style=\"text-align: left;\"><span style=\"font-family: Arial, Helvetica, sans-serif;\">Kometa ZTF C\/2022 E3 porusza si\u0119 po orbicie zbli\u017conej do parabolicznej. Z oblicze\u0144 wynika, \u017ce ekscentryczno\u015b\u0107 orbity wynosi 1,0003. Nachylenie orbity komety do p\u0142aszczyzny ekliptyki wynosi 109,169\u00b0. W peryhelium orbity znajdowa\u0142a si\u0119 w odleg\u0142o\u015bci 1,112 AU. Obecnie kometa C\/2022 E3 osi\u0105gn\u0119\u0142a 6,5 \u2013 7 wielko\u015b\u0107 gwiazdow\u0105 i na zdj\u0119ciach ma zielonkawy kolor. Mo\u017cemy si\u0119 spodziewa\u0107 jej przelotu pomi\u0119dzy Ma\u0142\u0105 a Wielk\u0105 Nied\u017awiedzic\u0105. Powinna by\u0107 widoczna przez niewielk\u0105 lunetk\u0119, teleskop czy lornetk\u0119. Luneta na og\u00f3\u0142 posiada obiektyw a teleskop \u2013 zwierciad\u0142o. Teleskopy mog\u0105 by\u0107 r\u00f3\u017cnie skonstruowane (co do systemu optycznego, jak system Newtona, Cassegraina czy Maksutowa).<\/span><\/p><p style=\"text-align: left;\"><span style=\"font-family: Arial, Helvetica, sans-serif;\"><!-- \/wp:paragraph --><\/span><\/p><p style=\"text-align: left;\"><span style=\"font-family: Arial, Helvetica, sans-serif;\"><!-- wp:image {\"align\":\"center\",\"id\":21859,\"sizeSlug\":\"large\",\"linkDestination\":\"none\"} --><\/span><\/p><figure class=\"wp-block-image aligncenter size-large\"><span style=\"font-family: Arial, Helvetica, sans-serif;\"><img loading=\"lazy\" width=\"1024\" height=\"213\" class=\"wp-image-21859\" src=\"https:\/\/cmm.imgw.pl\/wp-content\/uploads\/2023\/02\/Obraz81-1024x213.png\" alt=\"\" srcset=\"https:\/\/cmm.imgw.pl\/wp-content\/uploads\/2023\/02\/Obraz81-1024x213.png 1024w, https:\/\/cmm.imgw.pl\/wp-content\/uploads\/2023\/02\/Obraz81-300x62.png 300w, https:\/\/cmm.imgw.pl\/wp-content\/uploads\/2023\/02\/Obraz81-768x160.png 768w, https:\/\/cmm.imgw.pl\/wp-content\/uploads\/2023\/02\/Obraz81.png 1386w\" sizes=\"(max-width: 1024px) 100vw, 1024px\" \/><\/span><\/figure><p style=\"text-align: left;\"><span style=\"font-family: Arial, Helvetica, sans-serif;\"><!-- \/wp:image --><\/span><\/p><p style=\"text-align: left;\"><span style=\"font-family: Arial, Helvetica, sans-serif;\"><!-- wp:paragraph {\"align\":\"center\"} --><\/span><\/p><p class=\"has-text-align-center\" style=\"text-align: left;\"><span style=\"font-family: Arial, Helvetica, sans-serif;\">Schemat optyczny refraktora, czyli lunety. Z prawej obiektyw, z lewej wyci\u0105g okularowy. \u0179r\u00f3d\u0142o grafiki: MesserWoland, Zbynio.<\/span><\/p><p style=\"text-align: left;\"><span style=\"font-family: Arial, Helvetica, sans-serif;\"><!-- \/wp:paragraph --><\/span><\/p><p style=\"text-align: left;\"><span style=\"font-family: Arial, Helvetica, sans-serif;\"><!-- wp:paragraph --><\/span><\/p><p style=\"text-align: left;\"><span style=\"font-family: Arial, Helvetica, sans-serif;\">Ka\u017cdy system optyczny ma swoje zalety i wady: obiektyw ma\u0142ej lunetki wymaga a\u017c 4 powierzchni do idealnego wyszlifowania, m.in. tak, aby elementy soczewki z\u0142o\u017conej z 2 r\u00f3\u017cnych rodzaj\u00f3w szk\u0142a \u015bci\u015ble do siebie przylega\u0142y. Wady tej nie ma teleskop systemu Newtona, jednak ma on wad\u0119 zwan\u0105 com\u0105 \u2013 rozmywania obraz\u00f3w gwiazd na skraju pola widzenia. Z kolei systemy Cassegraina czy Maksutowa wymagaj\u0105 ogromnej precyzji wykonania, s\u0105 zatem drogie i najcz\u0119\u015bciej s\u0105 u\u017cywane w obserwacjach przez zawodowych astronom\u00f3w.<\/span><\/p><p style=\"text-align: left;\"><span style=\"font-family: Arial, Helvetica, sans-serif;\"><!-- \/wp:paragraph --><\/span><\/p><p style=\"text-align: left;\"><span style=\"font-family: Arial, Helvetica, sans-serif;\"><!-- wp:image {\"align\":\"center\",\"id\":21860,\"sizeSlug\":\"full\",\"linkDestination\":\"none\"} --><\/span><\/p><figure class=\"wp-block-image aligncenter size-full\"><span style=\"font-family: Arial, Helvetica, sans-serif;\"><img loading=\"lazy\" width=\"600\" height=\"260\" class=\"wp-image-21860\" src=\"https:\/\/cmm.imgw.pl\/wp-content\/uploads\/2023\/02\/Obraz82.png\" alt=\"\" srcset=\"https:\/\/cmm.imgw.pl\/wp-content\/uploads\/2023\/02\/Obraz82.png 600w, https:\/\/cmm.imgw.pl\/wp-content\/uploads\/2023\/02\/Obraz82-300x130.png 300w\" sizes=\"(max-width: 600px) 100vw, 600px\" \/><\/span><\/figure><p style=\"text-align: left;\"><span style=\"font-family: Arial, Helvetica, sans-serif;\"><!-- \/wp:image --><\/span><\/p><p style=\"text-align: left;\"><span style=\"font-family: Arial, Helvetica, sans-serif;\"><!-- wp:paragraph {\"align\":\"center\"} --><\/span><\/p><p class=\"has-text-align-center\" style=\"text-align: left;\"><span style=\"font-family: Arial, Helvetica, sans-serif;\">Schemat optyczny teleskopu Cassegraina. \u0179r\u00f3d\u0142o: Szocs Tamas Tamaflex.<\/span><\/p><p style=\"text-align: left;\"><span style=\"font-family: Arial, Helvetica, sans-serif;\"><!-- \/wp:paragraph --><\/span><\/p><p style=\"text-align: left;\"><span style=\"font-family: Arial, Helvetica, sans-serif;\"><!-- wp:image {\"align\":\"center\",\"id\":21861,\"sizeSlug\":\"full\",\"linkDestination\":\"none\"} --><\/span><\/p><figure class=\"wp-block-image aligncenter size-full\"><span style=\"font-family: Arial, Helvetica, sans-serif;\"><img loading=\"lazy\" width=\"454\" height=\"470\" class=\"wp-image-21861\" src=\"https:\/\/cmm.imgw.pl\/wp-content\/uploads\/2023\/02\/Obraz83.jpg\" alt=\"\" srcset=\"https:\/\/cmm.imgw.pl\/wp-content\/uploads\/2023\/02\/Obraz83.jpg 454w, https:\/\/cmm.imgw.pl\/wp-content\/uploads\/2023\/02\/Obraz83-290x300.jpg 290w\" sizes=\"(max-width: 454px) 100vw, 454px\" \/><\/span><\/figure><p style=\"text-align: left;\"><span style=\"font-family: Arial, Helvetica, sans-serif;\"><!-- \/wp:image --><\/span><\/p><p style=\"text-align: left;\"><span style=\"font-family: Arial, Helvetica, sans-serif;\"><!-- wp:paragraph {\"align\":\"center\"} --><\/span><\/p><p class=\"has-text-align-center\" style=\"text-align: left;\"><span style=\"font-family: Arial, Helvetica, sans-serif;\">Kadry z czasu odkrycia komety ZTF w czerwcu 2022 (u g\u00f3ry) oraz w miar\u0119 ja\u015bnienia i zbli\u017cania si\u0119 do Ziemi (d \u2013 dystans od Ziemi) i S\u0142o\u0144ca (r \u2013 odleg\u0142o\u015b\u0107 od S\u0142o\u0144ca w jednostkach astronomicznych, UA). \u0179r\u00f3d\u0142o: Didac Mesa Romeu.<\/span><\/p><p style=\"text-align: left;\"><span style=\"font-family: Arial, Helvetica, sans-serif;\"><!-- \/wp:paragraph --><\/span><\/p><p style=\"text-align: left;\"><span style=\"font-family: Arial, Helvetica, sans-serif;\"><!-- wp:paragraph --><\/span><\/p><p style=\"text-align: left;\"><span style=\"font-family: Arial, Helvetica, sans-serif;\">Skr\u00f3cona nazwa komety (ZTF) wzi\u0119\u0142a si\u0119 od s\u0142\u00f3w \u201eZwicky Transient Facility\u201d, czyli publiczno-prywatnego instrumentu zlokalizowanego na Mt Palomar, przy pomocy kt\u00f3rego zosta\u0142a wykryta. U\u017cyto do tego 48-calowego (ponad 120 cm) teleskopu Samuel Oschin, przeszukuj\u0105cego niebo w poszukiwaniu obiekt\u00f3w, kt\u00f3re maj\u0105 zmienny blask lub si\u0119 poruszaj\u0105. Wykrywa si\u0119 w ten spos\u00f3b planetoidy bliskie Ziemi, supenowe (do tej pory 6600 sztuk) i w\u0142a\u015bnie komety.<\/span><\/p><p style=\"text-align: left;\"><span style=\"font-family: Arial, Helvetica, sans-serif;\"><!-- \/wp:paragraph --><\/span><\/p><p style=\"text-align: left;\"><span style=\"font-family: Arial, Helvetica, sans-serif;\"><!-- wp:paragraph --><\/span><\/p><p style=\"text-align: left;\"><span style=\"font-family: Arial, Helvetica, sans-serif;\">Pocz\u0105tkowo C\/2022 E3 zosta\u0142a sklasyfikowana jako asteroida. Jednak dzie\u0144 po odkryciu, japo\u0144ska astronom Hirohisa Sato skierowa\u0142a tam teleskop i zauwa\u017cy\u0142a otoczk\u0119 \u2013 znak charakteryzuj\u0105cy komet\u0119. Co ciekawe, kometa by\u0142a wtedy obiektem zaledwie 17-tej wielko\u015bci gwiazdowej i znajdowa\u0142a si\u0119 w odleg\u0142o\u015bci 5 jednostek astronomicznych \u2013 czyli mniej wi\u0119cej w odleg\u0142o\u015bci Jowisza od S\u0142o\u0144ca.<\/span><\/p><p style=\"text-align: left;\"><span style=\"font-family: Arial, Helvetica, sans-serif;\"><!-- \/wp:paragraph --><\/span><\/p><p style=\"text-align: left;\"><span style=\"font-family: Arial, Helvetica, sans-serif;\"><!-- wp:image {\"align\":\"center\",\"id\":21862,\"sizeSlug\":\"large\",\"linkDestination\":\"none\"} --><\/span><\/p><figure class=\"wp-block-image aligncenter size-large\"><span style=\"font-family: Arial, Helvetica, sans-serif;\"><img loading=\"lazy\" width=\"1024\" height=\"645\" class=\"wp-image-21862\" src=\"https:\/\/cmm.imgw.pl\/wp-content\/uploads\/2023\/02\/Obraz84-1024x645.jpg\" alt=\"\" srcset=\"https:\/\/cmm.imgw.pl\/wp-content\/uploads\/2023\/02\/Obraz84-1024x645.jpg 1024w, https:\/\/cmm.imgw.pl\/wp-content\/uploads\/2023\/02\/Obraz84-300x189.jpg 300w, https:\/\/cmm.imgw.pl\/wp-content\/uploads\/2023\/02\/Obraz84-768x484.jpg 768w, https:\/\/cmm.imgw.pl\/wp-content\/uploads\/2023\/02\/Obraz84.jpg 1386w\" sizes=\"(max-width: 1024px) 100vw, 1024px\" \/><\/span><\/figure><p style=\"text-align: left;\"><span style=\"font-family: Arial, Helvetica, sans-serif;\"><!-- \/wp:image --><\/span><\/p><p style=\"text-align: left;\"><span style=\"font-family: Arial, Helvetica, sans-serif;\"><!-- wp:paragraph {\"align\":\"center\"} --><\/span><\/p><p class=\"has-text-align-center\" style=\"text-align: left;\"><span style=\"font-family: Arial, Helvetica, sans-serif;\">K\u0105t nachylenia orbity komety wynosi 109 stopni, czyli jest silnie nachylony wzgl\u0119dem orbit planet. ZTF C\/2022 E3 przetnie ekliptyk\u0119 (p\u0142aszczyzn\u0119 orbity Ziemi wok\u00f3\u0142 S\u0142o\u0144ca) 12 lutego. \u0179r\u00f3d\u0142o: NASA.<\/span><\/p><p style=\"text-align: left;\"><span style=\"font-family: Arial, Helvetica, sans-serif;\"><!-- \/wp:paragraph --><\/span><\/p><p style=\"text-align: left;\"><span style=\"font-family: Arial, Helvetica, sans-serif;\"><!-- wp:paragraph --><\/span><\/p><p style=\"text-align: left;\"><span style=\"font-family: Arial, Helvetica, sans-serif;\">1 lutego kometa ma osi\u0105gn\u0105\u0107 najmniejsz\u0105 odleg\u0142o\u015b\u0107 od Ziemi (42 mln km, czyli oko\u0142o 0,3 odleg\u0142o\u015bci Ziemi od S\u0142o\u0144ca, zwanej jednostk\u0105 astronomiczn\u0105). Najmniejsza odleg\u0142o\u015b\u0107 od S\u0142o\u0144ca (peryhelium) kometa osi\u0105gn\u0119\u0142a 12 stycznia i wynios\u0142a ona nieco ponad jednostk\u0119 astronomiczn\u0105. Okres obiegu przy zbli\u017caniu wynosi\u0142 53000 lat, jednak teraz, wskutek perturbacji, kometa najprawdopodobniej opu\u015bci Uk\u0142ad S\u0142oneczny na zawsze. W momencie maksymalnego zbli\u017cenia do Ziemi ZTF C\/2022 E3 b\u0119dzie przemieszcza\u0142a si\u0119 po niebie z pr\u0119dko\u015bci\u0105 6,5 stopnia dziennie! Na prze\u0142omie stycznia i lutego kometa b\u0119dzie dostrzegalna przez ma\u0142y instrument wczesnym rankiem, tu\u017c po zachodzie Ksi\u0119\u017cyca. Potem pod\u0105\u017caj\u0105cy ku pe\u0142ni Ksi\u0119\u017cyc b\u0119dzie stanowi\u0142 przeszkod\u0119 w obserwacjach.<\/span><\/p><p style=\"text-align: left;\"><span style=\"font-family: Arial, Helvetica, sans-serif;\"><!-- \/wp:paragraph --><\/span><\/p><p style=\"text-align: left;\"><span style=\"font-family: Arial, Helvetica, sans-serif;\"><!-- wp:paragraph --><\/span><\/p><p style=\"text-align: left;\"><span style=\"font-family: Arial, Helvetica, sans-serif;\">Na swojej drodze po niebie mo\u017cna b\u0119dzie odnotowa\u0107 szereg z\u0142\u0105cze\u0144: z Capell\u0105 5 lutego wieczorem, z Marsem 10-11 lutego czy z Aldebaranem (w Byku) 14 lutego, w odleg\u0142o\u015bci 1,5 stopnia k\u0105towego. Od tego czasu zacznie najprawdopodobniej s\u0142abn\u0105\u0107.<\/span><\/p><p style=\"text-align: left;\"><span style=\"font-family: Arial, Helvetica, sans-serif;\"><!-- \/wp:paragraph --><\/span><\/p><p style=\"text-align: left;\"><span style=\"font-family: Arial, Helvetica, sans-serif;\"><!-- wp:image {\"align\":\"center\",\"id\":21863,\"sizeSlug\":\"full\",\"linkDestination\":\"none\"} --><\/span><\/p><figure class=\"wp-block-image aligncenter size-full\"><span style=\"font-family: Arial, Helvetica, sans-serif;\"><img loading=\"lazy\" width=\"445\" height=\"286\" class=\"wp-image-21863\" src=\"https:\/\/cmm.imgw.pl\/wp-content\/uploads\/2023\/02\/Obraz85.png\" alt=\"\" srcset=\"https:\/\/cmm.imgw.pl\/wp-content\/uploads\/2023\/02\/Obraz85.png 445w, https:\/\/cmm.imgw.pl\/wp-content\/uploads\/2023\/02\/Obraz85-300x193.png 300w\" sizes=\"(max-width: 445px) 100vw, 445px\" \/><\/span><\/figure><p style=\"text-align: left;\"><span style=\"font-family: Arial, Helvetica, sans-serif;\"><!-- \/wp:image --><\/span><\/p><p style=\"text-align: left;\"><span style=\"font-family: Arial, Helvetica, sans-serif;\"><!-- wp:paragraph {\"align\":\"center\"} --><\/span><\/p><p class=\"has-text-align-center\" style=\"text-align: left;\"><span style=\"font-family: Arial, Helvetica, sans-serif;\">\u0179r\u00f3d\u0142o: Tomasz \u015aci\u0119\u017cor, Almanach Astronomiczny na rok 2023, PTA, Warszawa 2022 roku.<\/span><\/p><p><span style=\"font-family: Arial, Helvetica, sans-serif;\"><!-- \/wp:paragraph --><\/span><\/p>\t\t\t\t\t\t<\/div>\n\t\t\t\t<\/div>\n\t\t\t\t\t<\/div>\n\t\t<\/div>\n\t\t\t\t\t\t\t<\/div>\n\t\t<\/section>\n\t\t\t\t<section class=\"elementor-section elementor-top-section elementor-element elementor-element-d8383f9 elementor-section-boxed elementor-section-height-default elementor-section-height-default\" data-id=\"d8383f9\" data-element_type=\"section\">\n\t\t\t\t\t\t<div class=\"elementor-container elementor-column-gap-default\">\n\t\t\t\t\t<div class=\"elementor-column elementor-col-100 elementor-top-column elementor-element elementor-element-83a41cc\" data-id=\"83a41cc\" data-element_type=\"column\">\n\t\t\t<div class=\"elementor-widget-wrap elementor-element-populated\">\n\t\t\t\t\t\t\t\t<div class=\"elementor-element elementor-element-d7d8b01 elementor-widget-divider--view-line_text elementor-widget-divider--element-align-center elementor-widget elementor-widget-divider\" data-id=\"d7d8b01\" data-element_type=\"widget\" data-widget_type=\"divider.default\">\n\t\t\t\t<div class=\"elementor-widget-container\">\n\t\t\t<style>\/*! elementor - v3.12.1 - 02-04-2023 *\/\n.elementor-widget-divider{--divider-border-style:none;--divider-border-width:1px;--divider-color:#0c0d0e;--divider-icon-size:20px;--divider-element-spacing:10px;--divider-pattern-height:24px;--divider-pattern-size:20px;--divider-pattern-url:none;--divider-pattern-repeat:repeat-x}.elementor-widget-divider .elementor-divider{display:flex}.elementor-widget-divider .elementor-divider__text{font-size:15px;line-height:1;max-width:95%}.elementor-widget-divider .elementor-divider__element{margin:0 var(--divider-element-spacing);flex-shrink:0}.elementor-widget-divider .elementor-icon{font-size:var(--divider-icon-size)}.elementor-widget-divider .elementor-divider-separator{display:flex;margin:0;direction:ltr}.elementor-widget-divider--view-line_icon .elementor-divider-separator,.elementor-widget-divider--view-line_text .elementor-divider-separator{align-items:center}.elementor-widget-divider--view-line_icon .elementor-divider-separator:after,.elementor-widget-divider--view-line_icon .elementor-divider-separator:before,.elementor-widget-divider--view-line_text .elementor-divider-separator:after,.elementor-widget-divider--view-line_text .elementor-divider-separator:before{display:block;content:\"\";border-bottom:0;flex-grow:1;border-top:var(--divider-border-width) var(--divider-border-style) var(--divider-color)}.elementor-widget-divider--element-align-left .elementor-divider .elementor-divider-separator>.elementor-divider__svg:first-of-type{flex-grow:0;flex-shrink:100}.elementor-widget-divider--element-align-left .elementor-divider-separator:before{content:none}.elementor-widget-divider--element-align-left .elementor-divider__element{margin-left:0}.elementor-widget-divider--element-align-right .elementor-divider .elementor-divider-separator>.elementor-divider__svg:last-of-type{flex-grow:0;flex-shrink:100}.elementor-widget-divider--element-align-right .elementor-divider-separator:after{content:none}.elementor-widget-divider--element-align-right .elementor-divider__element{margin-right:0}.elementor-widget-divider:not(.elementor-widget-divider--view-line_text):not(.elementor-widget-divider--view-line_icon) .elementor-divider-separator{border-top:var(--divider-border-width) var(--divider-border-style) var(--divider-color)}.elementor-widget-divider--separator-type-pattern{--divider-border-style:none}.elementor-widget-divider--separator-type-pattern.elementor-widget-divider--view-line .elementor-divider-separator,.elementor-widget-divider--separator-type-pattern:not(.elementor-widget-divider--view-line) .elementor-divider-separator:after,.elementor-widget-divider--separator-type-pattern:not(.elementor-widget-divider--view-line) .elementor-divider-separator:before,.elementor-widget-divider--separator-type-pattern:not([class*=elementor-widget-divider--view]) .elementor-divider-separator{width:100%;min-height:var(--divider-pattern-height);-webkit-mask-size:var(--divider-pattern-size) 100%;mask-size:var(--divider-pattern-size) 100%;-webkit-mask-repeat:var(--divider-pattern-repeat);mask-repeat:var(--divider-pattern-repeat);background-color:var(--divider-color);-webkit-mask-image:var(--divider-pattern-url);mask-image:var(--divider-pattern-url)}.elementor-widget-divider--no-spacing{--divider-pattern-size:auto}.elementor-widget-divider--bg-round{--divider-pattern-repeat:round}.rtl .elementor-widget-divider .elementor-divider__text{direction:rtl}.e-con-inner>.elementor-widget-divider,.e-con>.elementor-widget-divider{width:var(--container-widget-width,100%);--flex-grow:var(--container-widget-flex-grow)}<\/style>\t\t<div class=\"elementor-divider\">\n\t\t\t<span class=\"elementor-divider-separator\">\n\t\t\t\t\t\t\t<h2 class=\"elementor-divider__text elementor-divider__element\">\n\t\t\t\tUDOST\u0118PNIJ STRON\u0118\t\t\t\t<\/h2>\n\t\t\t\t\t\t<\/span>\n\t\t<\/div>\n\t\t\t\t<\/div>\n\t\t\t\t<\/div>\n\t\t\t\t\t<\/div>\n\t\t<\/div>\n\t\t\t\t\t\t\t<\/div>\n\t\t<\/section>\n\t\t\t\t\t\t\t<\/div>\n\t\t","protected":false},"excerpt":{"rendered":"<p>Kometa ZTF (C\/2022 E3) na p\u00f3\u0142nocnym niebie<\/p>\n","protected":false},"author":1,"featured_media":20734,"parent":0,"menu_order":0,"comment_status":"closed","ping_status":"closed","template":"elementor_header_footer","meta":{"ocean_post_layout":"","ocean_both_sidebars_style":"","ocean_both_sidebars_content_width":0,"ocean_both_sidebars_sidebars_width":0,"ocean_sidebar":"0","ocean_second_sidebar":"0","ocean_disable_margins":"enable","ocean_add_body_class":"","ocean_shortcode_before_top_bar":"","ocean_shortcode_after_top_bar":"","ocean_shortcode_before_header":"","ocean_shortcode_after_header":"","ocean_has_shortcode":"","ocean_shortcode_after_title":"","ocean_shortcode_before_footer_widgets":"","ocean_shortcode_after_footer_widgets":"","ocean_shortcode_before_footer_bottom":"","ocean_shortcode_after_footer_bottom":"","ocean_display_top_bar":"off","ocean_display_header":"off","ocean_header_style":"custom","ocean_center_header_left_menu":"0","ocean_custom_header_template":"2993","ocean_custom_logo":0,"ocean_custom_retina_logo":0,"ocean_custom_logo_max_width":0,"ocean_custom_logo_tablet_max_width":0,"ocean_custom_logo_mobile_max_width":0,"ocean_custom_logo_max_height":0,"ocean_custom_logo_tablet_max_height":0,"ocean_custom_logo_mobile_max_height":0,"ocean_header_custom_menu":"0","ocean_menu_typo_font_family":"0","ocean_menu_typo_font_subset":"","ocean_menu_typo_font_size":0,"ocean_menu_typo_font_size_tablet":0,"ocean_menu_typo_font_size_mobile":0,"ocean_menu_typo_font_size_unit":"px","ocean_menu_typo_font_weight":"","ocean_menu_typo_font_weight_tablet":"","ocean_menu_typo_font_weight_mobile":"","ocean_menu_typo_transform":"","ocean_menu_typo_transform_tablet":"","ocean_menu_typo_transform_mobile":"","ocean_menu_typo_line_height":0,"ocean_menu_typo_line_height_tablet":0,"ocean_menu_typo_line_height_mobile":0,"ocean_menu_typo_line_height_unit":"","ocean_menu_typo_spacing":0,"ocean_menu_typo_spacing_tablet":0,"ocean_menu_typo_spacing_mobile":0,"ocean_menu_typo_spacing_unit":"","ocean_menu_link_color":"","ocean_menu_link_color_hover":"","ocean_menu_link_color_active":"","ocean_menu_link_background":"","ocean_menu_link_hover_background":"","ocean_menu_link_active_background":"","ocean_menu_social_links_bg":"","ocean_menu_social_hover_links_bg":"","ocean_menu_social_links_color":"","ocean_menu_social_hover_links_color":"","ocean_disable_title":"default","ocean_disable_heading":"default","ocean_post_title":"","ocean_post_subheading":"","ocean_post_title_style":"","ocean_post_title_background_color":"","ocean_post_title_background":0,"ocean_post_title_bg_image_position":"","ocean_post_title_bg_image_attachment":"","ocean_post_title_bg_image_repeat":"","ocean_post_title_bg_image_size":"","ocean_post_title_height":0,"ocean_post_title_bg_overlay":0.5,"ocean_post_title_bg_overlay_color":"","ocean_disable_breadcrumbs":"default","ocean_breadcrumbs_color":"","ocean_breadcrumbs_separator_color":"","ocean_breadcrumbs_links_color":"","ocean_breadcrumbs_links_hover_color":"","ocean_display_footer_widgets":"default","ocean_display_footer_bottom":"default","ocean_custom_footer_template":"0"},"yoast_head":"<!-- This site is optimized with the Yoast SEO plugin v19.5.1 - https:\/\/yoast.com\/wordpress\/plugins\/seo\/ -->\n<title>#AkademiaCMM - Kometa ZTF (C\/2022 E3) na p\u00f3\u0142nocnym niebie - Laboratorium Modelowania Meteorologicznego CMOK IMGW-PIB<\/title>\n<meta name=\"robots\" content=\"index, follow, max-snippet:-1, max-image-preview:large, max-video-preview:-1\" \/>\n<link rel=\"canonical\" href=\"https:\/\/cmm.imgw.pl\/?page_id=21866\" \/>\n<meta property=\"og:locale\" content=\"pl_PL\" \/>\n<meta property=\"og:type\" content=\"article\" \/>\n<meta property=\"og:title\" content=\"#AkademiaCMM - Kometa ZTF (C\/2022 E3) na p\u00f3\u0142nocnym niebie, IMGW-PIB\" \/>\n<meta property=\"og:description\" content=\"Kometa ZTF (C\/2022 E3) na p\u00f3\u0142nocnym niebie\" \/>\n<meta property=\"og:url\" content=\"https:\/\/cmm.imgw.pl\/?page_id=21866\" \/>\n<meta property=\"og:site_name\" content=\"Laboratorium Modelowania Meteorologicznego CMOK IMGW-PIB\" \/>\n<meta property=\"article:publisher\" content=\"https:\/\/www.facebook.com\/Meteoimgw\/\" \/>\n<meta property=\"article:modified_time\" content=\"2023-02-27T17:46:31+00:00\" \/>\n<meta property=\"og:image\" content=\"http:\/\/cmm.imgw.pl\/wp-content\/uploads\/2022\/12\/Obraz6.png\" \/>\n\t<meta property=\"og:image:width\" content=\"671\" \/>\n\t<meta property=\"og:image:height\" content=\"460\" \/>\n\t<meta property=\"og:image:type\" content=\"image\/png\" \/>\n<meta name=\"twitter:card\" content=\"summary_large_image\" \/>\n<meta name=\"twitter:title\" content=\"#AkademiaCMM - Kometa ZTF (C\/2022 E3) na p\u00f3\u0142nocnym niebie, IMGW-PIB\" \/>\n<meta name=\"twitter:description\" content=\"Kometa ZTF (C\/2022 E3) na p\u00f3\u0142nocnym niebie\" \/>\n<meta name=\"twitter:image\" content=\"https:\/\/cmm.imgw.pl\/wp-content\/uploads\/2022\/12\/Obraz6.png\" \/>\n<meta name=\"twitter:site\" content=\"@IMGW_CMM\" \/>\n<meta name=\"twitter:label1\" content=\"Szacowany czas czytania\" \/>\n\t<meta name=\"twitter:data1\" content=\"13 minut\" \/>\n<script type=\"application\/ld+json\" class=\"yoast-schema-graph\">{\"@context\":\"https:\/\/schema.org\",\"@graph\":[{\"@type\":\"WebPage\",\"@id\":\"https:\/\/cmm.imgw.pl\/?page_id=21866\",\"url\":\"https:\/\/cmm.imgw.pl\/?page_id=21866\",\"name\":\"#AkademiaCMM - Kometa ZTF (C\/2022 E3) na p\u00f3\u0142nocnym niebie - Laboratorium Modelowania Meteorologicznego CMOK IMGW-PIB\",\"isPartOf\":{\"@id\":\"https:\/\/cmm.imgw.pl\/#website\"},\"datePublished\":\"2023-02-01T13:16:34+00:00\",\"dateModified\":\"2023-02-27T17:46:31+00:00\",\"breadcrumb\":{\"@id\":\"https:\/\/cmm.imgw.pl\/?page_id=21866#breadcrumb\"},\"inLanguage\":\"pl-PL\",\"potentialAction\":[{\"@type\":\"ReadAction\",\"target\":[\"https:\/\/cmm.imgw.pl\/?page_id=21866\"]}]},{\"@type\":\"BreadcrumbList\",\"@id\":\"https:\/\/cmm.imgw.pl\/?page_id=21866#breadcrumb\",\"itemListElement\":[{\"@type\":\"ListItem\",\"position\":1,\"name\":\"Home\",\"item\":\"https:\/\/cmm.imgw.pl\/\"},{\"@type\":\"ListItem\",\"position\":2,\"name\":\"#AkademiaCMM &#8211; Kometa ZTF (C\/2022 E3) na p\u00f3\u0142nocnym niebie\"}]},{\"@type\":\"WebSite\",\"@id\":\"https:\/\/cmm.imgw.pl\/#website\",\"url\":\"https:\/\/cmm.imgw.pl\/\",\"name\":\"Laboratorium Modelowania Meteorologicznego CMOK IMGW-PIB\",\"description\":\"CMOK-LMM Laboratorium pe\u0142ni pa\u0144stwow\u0105 s\u0142u\u017cb\u0119 hydrologiczno-meteorologiczn\u0105 w zakresie numerycznych prognoz pogody, kt\u00f3rego zadaniem jest konsolidacja kompetencji w obszarze modelowania zjawisk pogodowych oraz dalszego rozwoju numerycznych modeli pogody (NMP).\",\"publisher\":{\"@id\":\"https:\/\/cmm.imgw.pl\/#organization\"},\"potentialAction\":[{\"@type\":\"SearchAction\",\"target\":{\"@type\":\"EntryPoint\",\"urlTemplate\":\"https:\/\/cmm.imgw.pl\/?s={search_term_string}\"},\"query-input\":\"required name=search_term_string\"}],\"inLanguage\":\"pl-PL\"},{\"@type\":\"Organization\",\"@id\":\"https:\/\/cmm.imgw.pl\/#organization\",\"name\":\"Laboratorium Modelowania Meteorologicznego CMOK IMGW-PIB\",\"url\":\"https:\/\/cmm.imgw.pl\/\",\"sameAs\":[\"https:\/\/www.facebook.com\/Meteoimgw\/\",\"https:\/\/twitter.com\/IMGW_CMM\"],\"logo\":{\"@type\":\"ImageObject\",\"inLanguage\":\"pl-PL\",\"@id\":\"https:\/\/cmm.imgw.pl\/#\/schema\/logo\/image\/\",\"url\":\"https:\/\/cmm.imgw.pl\/wp-content\/uploads\/2025\/10\/MODELE_LOGO_UNIFIKACJA_v2.png\",\"contentUrl\":\"https:\/\/cmm.imgw.pl\/wp-content\/uploads\/2025\/10\/MODELE_LOGO_UNIFIKACJA_v2.png\",\"width\":1356,\"height\":365,\"caption\":\"Laboratorium Modelowania Meteorologicznego CMOK IMGW-PIB\"},\"image\":{\"@id\":\"https:\/\/cmm.imgw.pl\/#\/schema\/logo\/image\/\"}}]}<\/script>\n<!-- \/ Yoast SEO plugin. -->","yoast_head_json":{"title":"#AkademiaCMM - Kometa ZTF (C\/2022 E3) na p\u00f3\u0142nocnym niebie - Laboratorium Modelowania Meteorologicznego CMOK IMGW-PIB","robots":{"index":"index","follow":"follow","max-snippet":"max-snippet:-1","max-image-preview":"max-image-preview:large","max-video-preview":"max-video-preview:-1"},"canonical":"https:\/\/cmm.imgw.pl\/?page_id=21866","og_locale":"pl_PL","og_type":"article","og_title":"#AkademiaCMM - Kometa ZTF (C\/2022 E3) na p\u00f3\u0142nocnym niebie, IMGW-PIB","og_description":"Kometa ZTF (C\/2022 E3) na p\u00f3\u0142nocnym niebie","og_url":"https:\/\/cmm.imgw.pl\/?page_id=21866","og_site_name":"Laboratorium Modelowania Meteorologicznego CMOK IMGW-PIB","article_publisher":"https:\/\/www.facebook.com\/Meteoimgw\/","article_modified_time":"2023-02-27T17:46:31+00:00","og_image":[{"width":671,"height":460,"url":"http:\/\/cmm.imgw.pl\/wp-content\/uploads\/2022\/12\/Obraz6.png","type":"image\/png"}],"twitter_card":"summary_large_image","twitter_title":"#AkademiaCMM - Kometa ZTF (C\/2022 E3) na p\u00f3\u0142nocnym niebie, IMGW-PIB","twitter_description":"Kometa ZTF (C\/2022 E3) na p\u00f3\u0142nocnym niebie","twitter_image":"https:\/\/cmm.imgw.pl\/wp-content\/uploads\/2022\/12\/Obraz6.png","twitter_site":"@IMGW_CMM","twitter_misc":{"Szacowany czas czytania":"13 minut"},"schema":{"@context":"https:\/\/schema.org","@graph":[{"@type":"WebPage","@id":"https:\/\/cmm.imgw.pl\/?page_id=21866","url":"https:\/\/cmm.imgw.pl\/?page_id=21866","name":"#AkademiaCMM - Kometa ZTF (C\/2022 E3) na p\u00f3\u0142nocnym niebie - Laboratorium Modelowania Meteorologicznego CMOK IMGW-PIB","isPartOf":{"@id":"https:\/\/cmm.imgw.pl\/#website"},"datePublished":"2023-02-01T13:16:34+00:00","dateModified":"2023-02-27T17:46:31+00:00","breadcrumb":{"@id":"https:\/\/cmm.imgw.pl\/?page_id=21866#breadcrumb"},"inLanguage":"pl-PL","potentialAction":[{"@type":"ReadAction","target":["https:\/\/cmm.imgw.pl\/?page_id=21866"]}]},{"@type":"BreadcrumbList","@id":"https:\/\/cmm.imgw.pl\/?page_id=21866#breadcrumb","itemListElement":[{"@type":"ListItem","position":1,"name":"Home","item":"https:\/\/cmm.imgw.pl\/"},{"@type":"ListItem","position":2,"name":"#AkademiaCMM &#8211; Kometa ZTF (C\/2022 E3) na p\u00f3\u0142nocnym niebie"}]},{"@type":"WebSite","@id":"https:\/\/cmm.imgw.pl\/#website","url":"https:\/\/cmm.imgw.pl\/","name":"Laboratorium Modelowania Meteorologicznego CMOK IMGW-PIB","description":"CMOK-LMM Laboratorium pe\u0142ni pa\u0144stwow\u0105 s\u0142u\u017cb\u0119 hydrologiczno-meteorologiczn\u0105 w zakresie numerycznych prognoz pogody, kt\u00f3rego zadaniem jest konsolidacja kompetencji w obszarze modelowania zjawisk pogodowych oraz dalszego rozwoju numerycznych modeli pogody (NMP).","publisher":{"@id":"https:\/\/cmm.imgw.pl\/#organization"},"potentialAction":[{"@type":"SearchAction","target":{"@type":"EntryPoint","urlTemplate":"https:\/\/cmm.imgw.pl\/?s={search_term_string}"},"query-input":"required name=search_term_string"}],"inLanguage":"pl-PL"},{"@type":"Organization","@id":"https:\/\/cmm.imgw.pl\/#organization","name":"Laboratorium Modelowania Meteorologicznego CMOK IMGW-PIB","url":"https:\/\/cmm.imgw.pl\/","sameAs":["https:\/\/www.facebook.com\/Meteoimgw\/","https:\/\/twitter.com\/IMGW_CMM"],"logo":{"@type":"ImageObject","inLanguage":"pl-PL","@id":"https:\/\/cmm.imgw.pl\/#\/schema\/logo\/image\/","url":"https:\/\/cmm.imgw.pl\/wp-content\/uploads\/2025\/10\/MODELE_LOGO_UNIFIKACJA_v2.png","contentUrl":"https:\/\/cmm.imgw.pl\/wp-content\/uploads\/2025\/10\/MODELE_LOGO_UNIFIKACJA_v2.png","width":1356,"height":365,"caption":"Laboratorium Modelowania Meteorologicznego CMOK IMGW-PIB"},"image":{"@id":"https:\/\/cmm.imgw.pl\/#\/schema\/logo\/image\/"}}]}},"_links":{"self":[{"href":"https:\/\/cmm.imgw.pl\/index.php?rest_route=\/wp\/v2\/pages\/21866"}],"collection":[{"href":"https:\/\/cmm.imgw.pl\/index.php?rest_route=\/wp\/v2\/pages"}],"about":[{"href":"https:\/\/cmm.imgw.pl\/index.php?rest_route=\/wp\/v2\/types\/page"}],"author":[{"embeddable":true,"href":"https:\/\/cmm.imgw.pl\/index.php?rest_route=\/wp\/v2\/users\/1"}],"replies":[{"embeddable":true,"href":"https:\/\/cmm.imgw.pl\/index.php?rest_route=%2Fwp%2Fv2%2Fcomments&post=21866"}],"version-history":[{"count":14,"href":"https:\/\/cmm.imgw.pl\/index.php?rest_route=\/wp\/v2\/pages\/21866\/revisions"}],"predecessor-version":[{"id":23254,"href":"https:\/\/cmm.imgw.pl\/index.php?rest_route=\/wp\/v2\/pages\/21866\/revisions\/23254"}],"wp:featuredmedia":[{"embeddable":true,"href":"https:\/\/cmm.imgw.pl\/index.php?rest_route=\/wp\/v2\/media\/20734"}],"wp:attachment":[{"href":"https:\/\/cmm.imgw.pl\/index.php?rest_route=%2Fwp%2Fv2%2Fmedia&parent=21866"}],"curies":[{"name":"wp","href":"https:\/\/api.w.org\/{rel}","templated":true}]}}